{"id":9606,"date":"2017-11-27T19:07:20","date_gmt":"2017-11-27T19:07:20","guid":{"rendered":"http:\/\/yuri.com.br\/claudio\/?page_id=9606"},"modified":"2024-11-29T14:23:10","modified_gmt":"2024-11-29T14:23:10","slug":"fontainebleau-2017","status":"publish","type":"page","link":"https:\/\/yuri.com.br\/claudio\/fontainebleau-2017\/","title":{"rendered":"Fontainebleau 2017"},"content":{"rendered":"<p>[vc_row][vc_column][vc_empty_space height=&#8221;44px&#8221;][vc_text_separator title=&#8221;OUTONO DE 2017 EM FONTAINEBLEAU&#8221; border_width=&#8221;4&#8243;][vc_column_text]<\/p>\n<p style=\"text-align: justify;\">\u00a0 \u00a0 \u00a0Fontainebleau dispensa apresenta\u00e7\u00f5es, afinal se trata de um dos ber\u00e7os hist\u00f3ricos do bouldering, com escaladas que beiram um s\u00e9culo de exist\u00eancia. Ent\u00e3o vou apenas refor\u00e7ar o coro: \u00e9 um destino &#8220;pacote completo&#8221;. Linhas infinitas, cen\u00e1rios magn\u00edficos, cultura hist\u00f3rica, sem falar do comer e beber bem, algo que sou suspeito pra adorar. <!--more--><\/p>\n<p style=\"text-align: justify;\">\u00a0 \u00a0 \u00a0Tenho tido o costume de gravar minhas escaladas para arquivos pessoais e, quando me dei conta, tinha bastante coisa legal pra compartilhar. Acabei juntando tudo em um v\u00eddeo, ao final desta p\u00e1gina. N\u00e3o esperem por nada al\u00e9m daquele velho esquema &#8220;pornoz\u00e3o de cadenas&#8221;, algo que s\u00f3 os mais fan\u00e1ticos aguentam ver hoje em dia. Se eu fosse prestar homenagem \u00e0quela floresta, faria um filme bem diferente. Tenho paix\u00e3o pelo audio-visual, mas escalar continua sendo a prioridade maior!<\/p>\n<p style=\"text-align: justify;\">\u00a0 \u00a0 \u00a0Mas algumas fotos foram feitas&#8230; as comigo s\u00e3o todas da Yuri. O resto \u00e9 de minha autoria.<\/p>\n<p>[\/vc_column_text][vc_masonry_media_grid element_width=&#8221;3&#8243; grid_id=&#8221;vc_gid:1732890081677-6ab708cd-b4df-6&#8243; include=&#8221;9598,9597,9602,9600,9599,9596,9615,10775&#8243;][\/vc_column][\/vc_row][vc_row][vc_column][vc_column_text]<\/p>\n<p style=\"text-align: justify;\">\u00a0 \u00a0 \u00a0As legendas do filminho est\u00e3o em ingl\u00eas, como forma de retribui\u00e7\u00e3o aos diversos v\u00eddeos que me orientaram por l\u00e1. Com literalmente milhares de boulders para escolher (s\u00e3o mais de 200 setores), realizar uma boa pesquisa antes vai te ajudar bastante a aproveitar melhor o seu tempo em meio \u00e0 tantas op\u00e7\u00f5es. \u00c9 surpreendente a exist\u00eancia de tantos cl\u00e1ssicos escondidos e menos famosos. J\u00e1 havia visitado Fontainebleau uns 15 anos atr\u00e1s e me dei conta de que eu n\u00e3o conhecia absolutamente nada. Desta vez foram 30 dias de um lindo outono bastante generoso com a meteorologia, escalando quase todo dia e praticamente sem repetir setores.<\/p>\n<p style=\"text-align: justify;\">\u00a0 \u00a0 \u00a0A gradua\u00e7\u00e3o segue a original de Font, que \u00e9 mais extensa e complexa (basta notar que do V3 ao V9 temos 11 escalas entre 6a e 7c) e vejo gente confundindo at\u00e9 hoje, portanto indico a tabela <a href=\"https:\/\/en.wikipedia.org\/wiki\/Grade_(bouldering)\" target=\"_blank\" rel=\"noopener\">deste link<\/a> para esclarecer. Ademais, os mitos sobre a dificuldade daquele arenito perfeito n\u00e3o s\u00e3o \u00e0 toa. Voc\u00ea vai ganhar li\u00e7\u00f5es valorosas em cada grau que encarar por l\u00e1, vai lembrar que escalada \u00e9 muito mais que for\u00e7a f\u00edsica, enfim, voc\u00ea entender\u00e1 porque at\u00e9 Adam Ondra caiu num famoso 6a por l\u00e1. Oportunidades como esta ensinam que grau \u00e9 sempre um par\u00e2metro trai\u00e7oeiro, sendo melhor deixar que a sua consci\u00eancia sincera te revele quando voc\u00ea evoluiu de verdade, em qualquer que seja a escalada. Mesmo com tantos anos de bagagem nas costas, tenho a certeza de que voltei um melhor escalador e recomendo a experi\u00eancia a todos, \u00e9 uma escola muito rica.<\/p>\n<p>[\/vc_column_text][\/vc_column][\/vc_row][vc_row][vc_column css=&#8221;.vc_custom_1511809075742{margin-bottom: -20px !important;}&#8221;][vc_empty_space height=&#8221;44px&#8221;][vc_column_text disable_pattern=&#8221;true&#8221; align=&#8221;left&#8221; margin_bottom=&#8221;0&#8243; css=&#8221;.vc_custom_1540416999774{margin-bottom: 0px !important;}&#8221;]<div class=\"epyt-video-wrapper\"><iframe loading=\"lazy\"  style=\"display: block; margin: 0px auto;\"  id=\"_ytid_51826\"  width=\"1200\" height=\"675\"  data-origwidth=\"1200\" data-origheight=\"675\" src=\"https:\/\/www.youtube.com\/embed\/bc2zUx3HKTY?enablejsapi=1&autoplay=0&cc_load_policy=0&cc_lang_pref=&iv_load_policy=1&loop=0&rel=1&fs=1&playsinline=0&autohide=2&theme=dark&color=red&controls=1&disablekb=0&\" class=\"__youtube_prefs__  no-lazyload\" title=\"YouTube player\"  allow=\"fullscreen; accelerometer; autoplay; clipboard-write; encrypted-media; gyroscope; picture-in-picture; web-share\" referrerpolicy=\"strict-origin-when-cross-origin\" allowfullscreen data-no-lazy=\"1\" data-skipgform_ajax_framebjll=\"\"><\/iframe><\/div>[\/vc_column_text][vc_empty_space height=&#8221;64px&#8221;][\/vc_column][\/vc_row]<\/p>\n","protected":false},"excerpt":{"rendered":"<p>[vc_row][vc_column][vc_empty_space height=&#8221;44px&#8221;][vc_text_separator title=&#8221;OUTONO DE 2017 EM FONTAINEBLEAU&#8221; border_width=&#8221;4&#8243;][vc_column_text] \u00a0 \u00a0 \u00a0Fontainebleau dispensa apresenta\u00e7\u00f5es, afinal se trata de um dos ber\u00e7os hist\u00f3ricos do bouldering, com escaladas que beiram um s\u00e9culo de exist\u00eancia. Ent\u00e3o vou apenas refor\u00e7ar o coro: \u00e9 um destino &#8220;pacote completo&#8221;. Linhas infinitas, cen\u00e1rios magn\u00edficos, cultura hist\u00f3rica, sem falar do comer e beber bem,&hellip;&nbsp;<a href=\"https:\/\/yuri.com.br\/claudio\/fontainebleau-2017\/\" rel=\"bookmark\">Continue a ler &raquo;<span class=\"screen-reader-text\">Fontainebleau 2017<\/span><\/a><\/p>\n","protected":false},"author":1,"featured_media":0,"parent":0,"menu_order":0,"comment_status":"closed","ping_status":"closed","template":"","meta":{"neve_meta_sidebar":"","neve_meta_container":"","neve_meta_enable_content_width":"off","neve_meta_content_width":100,"neve_meta_title_alignment":"","neve_meta_author_avatar":"","neve_post_elements_order":"","neve_meta_disable_header":"","neve_meta_disable_footer":"","neve_meta_disable_title":"","jetpack_post_was_ever_published":false,"footnotes":""},"class_list":["post-9606","page","type-page","status-publish","hentry"],"jetpack_shortlink":"https:\/\/wp.me\/P4i7cB-2uW","jetpack_sharing_enabled":true,"jetpack-related-posts":[{"id":10786,"url":"https:\/\/yuri.com.br\/claudio\/fontainebleau-2023\/","url_meta":{"origin":9606,"position":0},"title":"Fontainebleau 2023","author":"Fifi","date":"8\/maio\/2023","format":false,"excerpt":"[vc_row][vc_column][vc_empty_space height=\"44px\"][vc_text_separator title=\"PRIMAVERA DE 2023 EM FONTAINEBLEAU\" border_width=\"4\"][vc_column_text] \u00a0 \u00a0 \u00a0Em 13 anos ap\u00f3s meu \"\u00eaxodo urbano\", as viagens de f\u00e9rias se contam em uma m\u00e3o. Isso se deve a uma equa\u00e7\u00e3o dos seguintes fatores, por ordem de peso: vontade de viajar inversamente proporcional \u00e0 paz de esp\u00edrito (a necessidade\u2026","rel":"","context":"Post similar","block_context":{"text":"Post similar","link":""},"img":{"alt_text":"","src":"","width":0,"height":0},"classes":[]},{"id":7192,"url":"https:\/\/yuri.com.br\/claudio\/tick-list\/","url_meta":{"origin":9606,"position":1},"title":"Tick list","author":"Cl\u00e1udio Brisighello","date":"5\/fev\/2014","format":false,"excerpt":"[vc_row][vc_column][vc_column_text css=\".vc_custom_1721234079305{background-color: #dbdbdb !important;}\"] local setor data grau \u00a0 nome rp\/os\/fl obs. coment\u00e1rios PARAIS\u00d3POLIS VENTOS 17\/Jul\/2024 V11 *** VIOLENTAS E FR\u00c1GEIS redpoint FA Negativ\u00e3o surpreendeu PARAIS\u00d3POLIS VENTOS 15\/Jul\/2024 V12 *** VELHA CHAMA redpoint FA E o velhinho ainda \u201cchama\u201d PARAIS\u00d3POLIS VENTOS 13\/Jul\/2024 V5 *** SEM DELONGAS redpoint \u00a0 Extens\u00e3o ficou\u2026","rel":"","context":"Post similar","block_context":{"text":"Post similar","link":""},"img":{"alt_text":"","src":"","width":0,"height":0},"classes":[]},{"id":10554,"url":"https:\/\/yuri.com.br\/claudio\/sobre-boulders-e-plaquinhas\/","url_meta":{"origin":9606,"position":2},"title":"Sobre boulders e plaquinhas","author":"Cl\u00e1udio Brisighello","date":"31\/maio\/2021","format":false,"excerpt":"[vc_row][vc_column][vc_empty_space height=\"44px\"][vc_text_separator title=\"SOBRE BOULDERS E PLAQUINHAS\" i_icon_fontawesome=\"fas fa-exclamation-circle\" i_color=\"custom\" i_size=\"sm\" title_align=\"separator_align_left\" border_width=\"4\" add_icon=\"true\" i_custom_color=\"#cc2424\"][vc_column_text] \u00a0 \u00a0 Desde a chegada da pandemia em 2020, as poucas op\u00e7\u00f5es me levaram de volta \u00e0 Pedra do Cruzeiro em Gon\u00e7alves, local que eu n\u00e3o frequentava h\u00e1 6 anos, exceto espor\u00e1dicas visitas aos propriet\u00e1rios para\u2026","rel":"","context":"Post similar","block_context":{"text":"Post similar","link":""},"img":{"alt_text":"","src":"https:\/\/i0.wp.com\/yuri.com.br\/claudio\/wp-content\/uploads\/2021\/05\/croquis.jpg?resize=350%2C200&ssl=1","width":350,"height":200,"srcset":"https:\/\/i0.wp.com\/yuri.com.br\/claudio\/wp-content\/uploads\/2021\/05\/croquis.jpg?resize=350%2C200&ssl=1 1x, https:\/\/i0.wp.com\/yuri.com.br\/claudio\/wp-content\/uploads\/2021\/05\/croquis.jpg?resize=525%2C300&ssl=1 1.5x, https:\/\/i0.wp.com\/yuri.com.br\/claudio\/wp-content\/uploads\/2021\/05\/croquis.jpg?resize=700%2C400&ssl=1 2x, https:\/\/i0.wp.com\/yuri.com.br\/claudio\/wp-content\/uploads\/2021\/05\/croquis.jpg?resize=1050%2C600&ssl=1 3x, https:\/\/i0.wp.com\/yuri.com.br\/claudio\/wp-content\/uploads\/2021\/05\/croquis.jpg?resize=1400%2C800&ssl=1 4x"},"classes":[]},{"id":10610,"url":"https:\/\/yuri.com.br\/claudio\/terra-do-nunca\/","url_meta":{"origin":9606,"position":3},"title":"Terra do Nunca","author":"Cl\u00e1udio Brisighello","date":"21\/jun\/2021","format":false,"excerpt":"[vc_row][vc_column][vc_empty_space height=\"52px\"][vc_column_text] TERRA DO NUNCA: senta que l\u00e1 vem text\u00e3o, desses que n\u00e3o cabe em timeline... [\/vc_column_text][vc_single_image image=\"10611\" img_size=\"1600\" alignment=\"center\" style=\"vc_box_rounded\" css_animation=\"fadeIn\" css=\".vc_custom_1689089398661{margin-bottom: 5px !important;}\"][vc_column_text] Quando um projeto deixa de ser guerra, para se tornar igreja... [\/vc_column_text][vc_column_text] No calor do fim de outubro, 2020, uma motiva\u00e7\u00e3o sob circunst\u00e2ncias in\u00e9ditas me\u2026","rel":"","context":"Post similar","block_context":{"text":"Post similar","link":""},"img":{"alt_text":"","src":"https:\/\/i0.wp.com\/yuri.com.br\/claudio\/wp-content\/uploads\/2021\/06\/sd1.jpg?resize=350%2C200&ssl=1","width":350,"height":200,"srcset":"https:\/\/i0.wp.com\/yuri.com.br\/claudio\/wp-content\/uploads\/2021\/06\/sd1.jpg?resize=350%2C200&ssl=1 1x, https:\/\/i0.wp.com\/yuri.com.br\/claudio\/wp-content\/uploads\/2021\/06\/sd1.jpg?resize=525%2C300&ssl=1 1.5x, https:\/\/i0.wp.com\/yuri.com.br\/claudio\/wp-content\/uploads\/2021\/06\/sd1.jpg?resize=700%2C400&ssl=1 2x, https:\/\/i0.wp.com\/yuri.com.br\/claudio\/wp-content\/uploads\/2021\/06\/sd1.jpg?resize=1050%2C600&ssl=1 3x, https:\/\/i0.wp.com\/yuri.com.br\/claudio\/wp-content\/uploads\/2021\/06\/sd1.jpg?resize=1400%2C800&ssl=1 4x"},"classes":[]},{"id":10177,"url":"https:\/\/yuri.com.br\/claudio\/botequim-carioca\/","url_meta":{"origin":9606,"position":4},"title":"Botequim carioca","author":"Cl\u00e1udio Brisighello","date":"27\/out\/2018","format":false,"excerpt":"[vc_row][vc_column][vc_empty_space height=\"52px\"][vc_text_separator title=\"BOTEQUIM CARIOCA\" i_icon_fontawesome=\"fas fa-beer\" i_color=\"black\" title_align=\"separator_align_left\" align=\"align_left\" style=\"shadow\" add_icon=\"true\"][vc_column_text] \u00a0 \u00a0 \u00a0 Ap\u00f3s deixar o Rio de Janeiro, devo aqui umas anota\u00e7\u00f5es sobre algo que muito me transformou nessa babil\u00f4nia. Achei melhor escrever logo antes que minha falha mem\u00f3ria deixe algumas importantes emo\u00e7\u00f5es para tr\u00e1s... \u00a0 \u00a0 \u00a0Me\u2026","rel":"","context":"Post similar","block_context":{"text":"Post similar","link":""},"img":{"alt_text":"","src":"","width":0,"height":0},"classes":[]},{"id":11015,"url":"https:\/\/yuri.com.br\/claudio\/daruma\/","url_meta":{"origin":9606,"position":5},"title":"Daruma","author":"Fifi","date":"15\/dez\/2023","format":false,"excerpt":"[vc_row][vc_column][vc_empty_space height=\"52px\"][vc_single_image image=\"11016\" img_size=\"700\" alignment=\"center\" style=\"vc_box_rounded\" css_animation=\"fadeIn\" css=\".vc_custom_1702648475857{margin-bottom: 5px !important;}\"][vc_column_text] momentos in\u00e9ditos: a descoberta do bloco e a 1a. sondada no imponente negativo (2014) [\/vc_column_text][vc_column_text] DARUMA - muito al\u00e9m da primeira ascens\u00e3o [\/vc_column_text][vc_column_text]Dia 1o. de setembro de 2023 finalizei o que veio a se chamar \"Daruma\", mais um belo e\u2026","rel":"","context":"Post similar","block_context":{"text":"Post similar","link":""},"img":{"alt_text":"","src":"","width":0,"height":0},"classes":[]}],"_links":{"self":[{"href":"https:\/\/yuri.com.br\/claudio\/wp-json\/wp\/v2\/pages\/9606","targetHints":{"allow":["GET"]}}],"collection":[{"href":"https:\/\/yuri.com.br\/claudio\/wp-json\/wp\/v2\/pages"}],"about":[{"href":"https:\/\/yuri.com.br\/claudio\/wp-json\/wp\/v2\/types\/page"}],"author":[{"embeddable":true,"href":"https:\/\/yuri.com.br\/claudio\/wp-json\/wp\/v2\/users\/1"}],"replies":[{"embeddable":true,"href":"https:\/\/yuri.com.br\/claudio\/wp-json\/wp\/v2\/comments?post=9606"}],"version-history":[{"count":24,"href":"https:\/\/yuri.com.br\/claudio\/wp-json\/wp\/v2\/pages\/9606\/revisions"}],"predecessor-version":[{"id":10774,"href":"https:\/\/yuri.com.br\/claudio\/wp-json\/wp\/v2\/pages\/9606\/revisions\/10774"}],"wp:attachment":[{"href":"https:\/\/yuri.com.br\/claudio\/wp-json\/wp\/v2\/media?parent=9606"}],"curies":[{"name":"wp","href":"https:\/\/api.w.org\/{rel}","templated":true}]}}