{"id":9305,"date":"2015-08-09T18:01:32","date_gmt":"2015-08-09T18:01:32","guid":{"rendered":"http:\/\/yuri.com.br\/claudio\/?page_id=9305"},"modified":"2023-07-11T15:13:10","modified_gmt":"2023-07-11T15:13:10","slug":"pao-basico","status":"publish","type":"page","link":"https:\/\/yuri.com.br\/claudio\/pao-basico\/","title":{"rendered":"O p\u00e3o b\u00e1sico de fermenta\u00e7\u00e3o natural"},"content":{"rendered":"<p>[vc_row][vc_column][vc_single_image image=&#8221;9673&#8243; img_size=&#8221;full&#8221; alignment=&#8221;center&#8221;][vc_text_separator title=&#8221;O P\u00c3O B\u00c1SICO&#8221; i_icon_fontawesome=&#8221;fas fa-hand-point-right&#8221; i_color=&#8221;black&#8221; i_size=&#8221;sm&#8221; title_align=&#8221;separator_align_left&#8221; border_width=&#8221;4&#8243; add_icon=&#8221;true&#8221; css=&#8221;.vc_custom_1689086531307{margin-top: 40px !important;}&#8221;][vc_column_text]<\/p>\n<p style=\"text-align: justify;\">\u00a0 \u00a0 \u00a0Agora que entendemos um pouco sobre a\u00a0<a href=\"http:\/\/yuri.com.br\/claudio\/fermentacao-natural\/\" target=\"_blank\" rel=\"noopener\">fermenta\u00e7\u00e3o natural<\/a>\u00a0e como <a href=\"http:\/\/yuri.com.br\/claudio\/criando-seu-proprio-levain\/\" target=\"_blank\" rel=\"noopener\">fazer o nosso pr\u00f3prio levain<\/a>, vamos finalmente ao que interessa. Mas se voc\u00ea chegou aqui \u00e0 procura de uma r\u00e1pida &#8220;receita de bolo&#8221;, chegou no lugar errado. Vamos seguir na mesma pegada do artigo sobre o levain, procurando entender os porqu\u00eas de cada detalhe.<\/p>\n<p style=\"text-align: justify;\">\u00a0 \u00a0 \u00a0Naturalmente, a f\u00f3rmula do meu p\u00e3o b\u00e1sico foi baseada em v\u00e1rias outras, experimentando ajustes at\u00e9 conseguir um resultado que me agradasse. S\u00e3o ajustes constantes, devido \u00e0 altera\u00e7\u00f5es clim\u00e1ticas ao longo do ano, adapta\u00e7\u00e3o aos hor\u00e1rios dispon\u00edveis e sobretudo a irregularidade das farinhas. Uma mesma farinha integral, por exemplo, chega a ter diferen\u00e7as de qualidade de um pacote para outro. Aqui entra o grande barato da coisa que \u00e9 o feeling do padeiro. Sua observa\u00e7\u00e3o \u00e9 fundamental no controle deste processo.<\/p>\n<p>[\/vc_column_text][\/vc_column][vc_column width=&#8221;1\/4&#8243;][\/vc_column][vc_column width=&#8221;1\/2&#8243;][vc_text_separator title=&#8221;PERCENTUAL DO PADEIRO&#8221; border_width=&#8221;4&#8243;][vc_column_text]<\/p>\n<table width=\"100%\">\n<thead>\n<tr>\n<th>ingrediente<\/th>\n<th>%<\/th>\n<th>peso<\/th>\n<\/tr>\n<\/thead>\n<tbody>\n<tr>\n<td>farinha<\/td>\n<td>100%<\/td>\n<td>1000g<\/td>\n<\/tr>\n<tr>\n<td>\u00e1gua<\/td>\n<td>60%<\/td>\n<td>600g<\/td>\n<\/tr>\n<tr>\n<td>sal<\/td>\n<td>2%<\/td>\n<td>20g<\/td>\n<\/tr>\n<tr>\n<td>fermento biol\u00f3gico fresco<\/td>\n<td>3%<\/td>\n<td>30g<\/td>\n<\/tr>\n<\/tbody>\n<\/table>\n<p>[\/vc_column_text][\/vc_column][vc_column width=&#8221;1\/4&#8243;][vc_column_text disable_pattern=&#8221;true&#8221; align=&#8221;left&#8221; margin_bottom=&#8221;0&#8243; css=&#8221;.vc_custom_1540401430452{margin-bottom: 0px !important;}&#8221;][\/vc_column_text][\/vc_column][vc_column][vc_column_text]<\/p>\n<p style=\"text-align: justify;\">\u00a0 \u00a0 \u00a0Antes, \u00e9 preciso entender porque trabalhamos com percentuais e n\u00e3o com n\u00fameros absolutos (da\u00ed as &#8220;f\u00f3rmulas&#8221; ao inv\u00e9s de &#8220;receitas&#8221;). A tabela acima, simplifica esse entendimento: os ingredientes s\u00e3o sempre relativos \u00e0 quantidade de farinha da massa, que representa 100%. Desta maneira, uma &#8220;receita&#8221; \u00e9 facilmente redimensionada, bastando manter coer\u00eancia com as porcentagens. Note tamb\u00e9m que a m\u00e9trica \u00e9 toda em gramas, pois uma x\u00edcara de \u00e1gua n\u00e3o tem o mesmo peso de uma x\u00edcara de sal ou de farinha, e por a\u00ed vai. Em p\u00e3es de forma com fermento industrializado, esta precis\u00e3o n\u00e3o faz tanta diferen\u00e7a. Em p\u00e3es artesanais, fermentados naturalmente e finalizados sem formas, atrav\u00e9s de um processo todo \u00e0 m\u00e3o, saber lidar com as f\u00f3rmulas \u00e9 determinante no resultado.<\/p>\n<p style=\"text-align: justify;\">\u00a0 \u00a0 \u00a0Percebemos ent\u00e3o a necessidade de uma boa balan\u00e7a, de prefer\u00eancia digital. Ingredientes de baixa porcentagem como especiarias, temperos secos, sal (que controla o ritmo da fermenta\u00e7\u00e3o), tem impacto sens\u00edvel de poucas gramas. Aqui vale investir em uma balan\u00e7a de precis\u00e3o daquelas pequenas, com casas decimais. S\u00e3o itens baratos de se adquirir.<\/p>\n<p style=\"text-align: justify;\">\u00a0 \u00a0 \u00a0No entanto, este percentual do padeiro \u00e9 um pouco mais complicado quando inclu\u00edmos o levain na brincadeira. Em nosso &#8220;p\u00e3o b\u00e1sico&#8221;, gosto de manter sua inocula\u00e7\u00e3o baixa, similar \u00e0 manuten\u00e7\u00e3o da cultura, girando em torno de 12-15% de farinha pr\u00e9-fermentada. Note que estes 12-15% n\u00e3o representam o peso total do levain, que ainda leva \u00e1gua. O termo &#8220;farinha pr\u00e9-fermentada&#8221; evita confus\u00f5es com diferentes hidrata\u00e7\u00f5es da cultura.<\/p>\n<p style=\"text-align: justify;\">\u00a0 \u00a0 \u00a0Portanto, \u00e9 relativo usar o peso total do levain: 100g de levain de alta hidrata\u00e7\u00e3o \u00e9 diferente de um levain mais seco, cada um tem uma quantidade diferente de \u00e1gua e farinha, esta sim deve ser adotada como referencial de inocula\u00e7\u00e3o. O mesmo vale para calcular a hidrata\u00e7\u00e3o final da massa, devemos considerar o quanto de \u00e1gua tem no levain. Conforme vemos, com mais componentes influenciando nos totais finais, os c\u00e1lculos ficam mais complexos. O exerc\u00edcio pr\u00e1tico \u00e9 a melhor maneira de se acostumar com essa matem\u00e1tica e montar suas pr\u00f3prias f\u00f3rmulas. Vamos ent\u00e3o ao nosso p\u00e3o b\u00e1sico e, literalmente, parar com essa dor de cabe\u00e7a e botar a m\u00e3o na massa!<\/p>\n<p>[\/vc_column_text][\/vc_column][\/vc_row][vc_row][vc_column][vc_text_separator title=&#8221;&#8220;RECEITA&#8220; (F\u00d3RMULA) \u2022 P\u00c3O DE FERMENTA\u00c7\u00c3O NATURAL&#8221; i_icon_fontawesome=&#8221;fas fa-hand-point-right&#8221; i_color=&#8221;black&#8221; i_size=&#8221;sm&#8221; title_align=&#8221;separator_align_left&#8221; border_width=&#8221;4&#8243; add_icon=&#8221;true&#8221;][vc_column_text]<\/p>\n<p style=\"text-align: justify;\">\u00a0 \u00a0 \u00a0No processo a seguir, consideramos farinha branca nacional (conhecida pela nomenclatura &#8220;tipo especial&#8221;), que geralmente tem uma taxa baixa e indesej\u00e1vel de apenas 10% de prote\u00edna. A integral costuma ter pelo menos 11% e dever\u00e1 ser peneirada. Os 5% de centeio s\u00e3o por quest\u00e3o de sabor (al\u00e9m de darem um pequeno &#8220;empurr\u00e3o&#8221; enzim\u00e1tico). Centeio \u00e9 pobre em gl\u00faten, portanto evite aument\u00e1-lo no caso deste p\u00e3o. Sendo assim, a hidrata\u00e7\u00e3o do nosso p\u00e3o b\u00e1sico est\u00e1 calculada em 70%, um bom ponto de partida para um aprendiz come\u00e7ar a manusear este tipo de massa. Lembre-se que a hidrata\u00e7\u00e3o \u00e9 relativa: a absor\u00e7\u00e3o de \u00e1gua pode mudar sensivelmente conforme o tipo de farinha que voc\u00ea adquirir. Escolha bem e conhe\u00e7a a sua farinha! Ademais, deixe para aumentar a hidrata\u00e7\u00e3o aos poucos, conforme se sentir confort\u00e1vel com as massas mais \u00famidas. Via de regra, quanto mais \u00e1gua na massa, maiores as chances de grandes alv\u00e9olos no miolo (por isso as esburacadas ciabattas costumam passar dos 80% de hidrata\u00e7\u00e3o). Claro que outros fatores, como o retardamento e o manuseio leve da massa ir\u00e3o influenciar nas bolhas que se formar\u00e3o em seu interior. Eu, particularmente, n\u00e3o gosto de miolos com buracos grandes e almejo uma alveola\u00e7\u00e3o menor e mais distribu\u00edda ou uniforme.<\/p>\n<p>[\/vc_column_text][vc_text_separator title=&#8221;10:00 PREPARO DO LEVAIN&#8221; border_width=&#8221;4&#8243;][\/vc_column][vc_column width=&#8221;1\/4&#8243;][vc_column_text disable_pattern=&#8221;true&#8221; align=&#8221;left&#8221; margin_bottom=&#8221;0&#8243; css=&#8221;.vc_custom_1540401430452{margin-bottom: 0px !important;}&#8221;][\/vc_column_text][\/vc_column][vc_column width=&#8221;1\/2&#8243;][vc_column_text]<\/p>\n<table width=\"100%\">\n<thead>\n<tr>\n<th>ingrediente<\/th>\n<th>%<\/th>\n<th>peso<\/th>\n<\/tr>\n<\/thead>\n<tbody>\n<tr>\n<td>\u00e1gua<\/td>\n<td>60%<\/td>\n<td>59g<\/td>\n<\/tr>\n<tr>\n<td>farinha integral<\/td>\n<td>100%<\/td>\n<td>98g<\/td>\n<\/tr>\n<tr>\n<td>cultura (stiff starter)<\/td>\n<td>50%<\/td>\n<td>49g<\/td>\n<\/tr>\n<\/tbody>\n<\/table>\n<p>[\/vc_column_text][\/vc_column][vc_column width=&#8221;1\/4&#8243;][\/vc_column][vc_column][vc_column_text disable_pattern=&#8221;true&#8221; align=&#8221;left&#8221; margin_bottom=&#8221;0&#8243;]<\/p>\n<p style=\"text-align: justify;\">\u00a0 \u00a0 \u00a0Assumindo que voc\u00ea tenha em m\u00e3os uma cultura madura (alimentada no dia anterior afim de atingir seu pico na manh\u00e3 seguinte) e de baixa hidrata\u00e7\u00e3o (menos que 80% de \u00e1gua), vamos preparar o levain do p\u00e3o. Lembre-se tamb\u00e9m de ter separado um excedente para a continuidade do seu fermento natural.<\/p>\n<p style=\"text-align: justify;\">\u00a0 \u00a0 \u00a0Separe 49g da cultura em um recipiente, dilua em 59g de \u00e1gua (esfregando bem com uma colher) e misture 98g de farinha integral at\u00e9 incorporar tudo como uma massa. Reserve por 6 horas a 26-28\u00b0C, o suficiente para atingir seu auge (repare que o grau de inocula\u00e7\u00e3o \u00e9 alto). Se houver uma temperatura mais fria, este tempo poder\u00e1 se estender um pouco. Sua observa\u00e7\u00e3o \u00e9 chave!<\/p>\n<p>[\/vc_column_text][vc_single_image image=&#8221;9674&#8243; img_size=&#8221;full&#8221; alignment=&#8221;center&#8221; style=&#8221;vc_box_border&#8221; css=&#8221;.vc_custom_1689086770429{margin-bottom: 5px !important;}&#8221;][vc_column_text disable_pattern=&#8221;true&#8221; align=&#8221;center&#8221; margin_bottom=&#8221;0&#8243;]<\/p>\n<h6 style=\"text-align: center;\">levain antes e depois (o talho em cruz \u00e9 apenas para mostrar melhor a mudan\u00e7a)<\/h6>\n<p>[\/vc_column_text][\/vc_column][\/vc_row][vc_row][vc_column][vc_text_separator title=&#8221;14:40 AUT\u00d3LISE&#8221; border_width=&#8221;4&#8243;][\/vc_column][vc_column width=&#8221;1\/3&#8243;][vc_column_text]<\/p>\n<table width=\"100%\">\n<thead>\n<tr>\n<th style=\"text-align: right;\">RESUMO<\/th>\n<th><\/th>\n<th><\/th>\n<\/tr>\n<\/thead>\n<tbody>\n<tr>\n<td style=\"text-align: right;\">total de farinha<\/td>\n<td>100%<\/td>\n<td style=\"text-align: left;\">990g<\/td>\n<\/tr>\n<tr>\n<td style=\"text-align: right;\">hidrata\u00e7\u00e3o final<\/td>\n<td>70%<\/td>\n<td style=\"text-align: left;\">693g<\/td>\n<\/tr>\n<tr>\n<td style=\"text-align: right;\">farinha pr\u00e9-fermentada<\/td>\n<td>13%<\/td>\n<td style=\"text-align: left;\">129g<\/td>\n<\/tr>\n<\/tbody>\n<\/table>\n<p>[\/vc_column_text][\/vc_column][vc_column width=&#8221;1\/3&#8243;][vc_column_text]<\/p>\n<table width=\"100%\">\n<thead>\n<tr>\n<th>COMPOSI\u00c7\u00c3O DA MASSA<\/th>\n<th><\/th>\n<th><\/th>\n<\/tr>\n<\/thead>\n<tbody>\n<tr>\n<td>levain<\/td>\n<td>24%<\/td>\n<td>206g<\/td>\n<\/tr>\n<tr>\n<td>\u00e1gua<\/td>\n<td>71%<\/td>\n<td>615g<\/td>\n<\/tr>\n<tr>\n<td>farinha branca<\/td>\n<td>80%<\/td>\n<td>689g<\/td>\n<\/tr>\n<tr>\n<td>farinha integral<\/td>\n<td>15%<\/td>\n<td>129g<\/td>\n<\/tr>\n<tr>\n<td>farinha de centeio<\/td>\n<td>5%<\/td>\n<td>43g<\/td>\n<\/tr>\n<tr>\n<td>sal<\/td>\n<td>2,1%<\/td>\n<td>17,8g<\/td>\n<\/tr>\n<\/tbody>\n<\/table>\n<p>[\/vc_column_text][\/vc_column][vc_column width=&#8221;1\/3&#8243;][vc_column_text]<\/p>\n<table width=\"100%\">\n<thead>\n<tr>\n<th>ADJUNTOS OPCIONAIS<\/th>\n<th><\/th>\n<th><\/th>\n<\/tr>\n<\/thead>\n<tbody>\n<tr>\n<td>cebola desidratada<\/td>\n<td>2,5%<\/td>\n<td>25g<\/td>\n<\/tr>\n<tr>\n<td>alecrim fresco<\/td>\n<td>1%<\/td>\n<td>10g<\/td>\n<\/tr>\n<tr>\n<td>azeitonas pretas<\/td>\n<td>15%<\/td>\n<td>148g<\/td>\n<\/tr>\n<tr>\n<td>soaker multigr\u00e3os<\/td>\n<td>8%<\/td>\n<td>79g<\/td>\n<\/tr>\n<\/tbody>\n<\/table>\n<p>[\/vc_column_text][\/vc_column][vc_column][vc_column_text disable_pattern=&#8221;true&#8221; align=&#8221;left&#8221; margin_bottom=&#8221;0&#8243;]<\/p>\n<p style=\"text-align: justify;\">\u00a0 \u00a0 \u00a0Na f\u00f3rmula acima, utilize a tabela central para medir os ingredientes. Aqui temos 1,7kg de massa, o que produz 2 belos p\u00e3es. Os totais absolutos est\u00e3o na esquerda, considerando ali a distribui\u00e7\u00e3o de \u00e1gua e farinha no levain que possui 60% de hidrata\u00e7\u00e3o. Os adjuntos da direita, por ora, podem ser ignorados (consulte o ap\u00eandice ao final).<\/p>\n<p style=\"text-align: justify;\">\u00a0 \u00a0 \u00a0Iniciaremos com o que chamamos de &#8220;aut\u00f3lise&#8221;. N\u00e3o vou entrar muito nos detalhes cient\u00edficos mas, a grosso modo, esta \u00e9 uma t\u00e9cnica descoberta pelo professor franc\u00eas Raymond Calvel ainda nos anos 70, que estudou benef\u00edcios ao misturar a farinha com a \u00e1gua e deix\u00e1-la descansando, antes de proceder com a sova e incorpora\u00e7\u00e3o de outros ingredientes. Neste per\u00edodo, sem qualquer interven\u00e7\u00e3o, come\u00e7a o desenvolvimento do ponto da massa, gra\u00e7as \u00e0 \u00e1gua necess\u00e1ria para ligar as prote\u00ednas formadoras de gl\u00faten, al\u00e9m de iniciar a atividade enzim\u00e1tica nativa na farinha: amilase, convertendo a\u00e7\u00facares; e protease, quebrando as prote\u00ednas promovendo extensibilidade (capacidade da massa se prolongar), balanceando ent\u00e3o a elasticidade (capacidade de retrair) afim de permitir uma massa mais expans\u00edvel. Em termos de trabalho bra\u00e7al, a aut\u00f3lise \u00e9 uma m\u00e3o na roda, afinal quando voc\u00ea for sovar, a massa j\u00e1 teve um in\u00edcio de forma\u00e7\u00e3o, se tornando mais f\u00e1cil de manipular. Acho que j\u00e1 temos motivos suficientes para gostar dessa tal de aut\u00f3lise&#8230;<\/p>\n<p style=\"text-align: justify;\">\u00a0 \u00a0 \u00a0Em uma bacia ou bowl, misture toda a \u00e1gua e farinha com as m\u00e3os. Nada de sal neste momento, n\u00e3o queremos sua interfer\u00eancia pois ele atua justamente contra a extensibilidade, fortalecendo a massa estreitando as cadeias de prote\u00ednas. Uma esp\u00e1tula de pl\u00e1stico te ajuda a incorporar: vou girando o bowl com uma m\u00e3o limpa e misturando com a outra, como se fosse uma batedeira manual. N\u00e3o se preocupe com qualquer tentativa de sovar, apenas hidrate toda a farinha e deixe-a descansar por 1 hora. Cubra ou coloque dentro de um forno com luz acesa se estiver em um dia frio, lembrando que a temperatura desejada da massa \u00e9 de 26-28\u00b0C.<\/p>\n<p>[\/vc_column_text][vc_single_image image=&#8221;9330&#8243; img_size=&#8221;full&#8221; alignment=&#8221;center&#8221; style=&#8221;vc_box_border&#8221; css=&#8221;.vc_custom_1689086597189{margin-bottom: 5px !important;}&#8221;][vc_column_text]<\/p>\n<h6 style=\"text-align: center;\">iniciando a mistura e checando a aut\u00f3lise 1 hora depois<\/h6>\n<p>[\/vc_column_text][vc_column_text disable_pattern=&#8221;true&#8221; align=&#8221;left&#8221; margin_bottom=&#8221;0&#8243;]<\/p>\n<p style=\"text-align: justify;\">\u00a0 \u00a0 \u00a0Nota para quem usar uma batedeira planet\u00e1ria: a alta hidrata\u00e7\u00e3o desses p\u00e3es pode dificultar o trabalho de uma batedeira para dar o ponto na massa na etapa a seguir. Neste caso, voc\u00ea pode reservar um percentual (5%) da \u00e1gua, para dar o ponto com mais facilidade e depois incorporar a \u00e1gua restante, uma t\u00e9cnica chamada de <em>bassinage<\/em>.<\/p>\n<p>[\/vc_column_text][\/vc_column][\/vc_row][vc_row][vc_column][vc_text_separator title=&#8221;15:40 MISTURA E SOVA&#8221; border_width=&#8221;4&#8243;][\/vc_column][vc_column width=&#8221;1\/4&#8243;][vc_column_text disable_pattern=&#8221;true&#8221; align=&#8221;center&#8221;]<\/p>\n<blockquote class=\"instagram-media\" style=\"background: #FFF; border: 0; border-radius: 3px; box-shadow: 0 0 1px 0 rgba(0,0,0,0.5),0 1px 10px 0 rgba(0,0,0,0.15); margin: 1px; max-width: 300px; padding: 0; width: calc(100% - 2px);\" data-instgrm-version=\"4\">\n<div style=\"padding: 8px;\">\n<div style=\"background: #F8F8F8; line-height: 0; margin-top: 40px; padding: 50% 0; text-align: center; width: 100%;\"><\/div>\n<p style=\"color: #c9c8cd; font-family: Arial,sans-serif; font-size: 14px; line-height: 17px; margin-bottom: 0; margin-top: 8px; overflow: hidden; padding: 8px 0 7px; text-align: center; text-overflow: ellipsis; white-space: nowrap;\"><a style=\"color: #c9c8cd; font-family: Arial,sans-serif; font-size: 14px; font-style: normal; font-weight: normal; line-height: 17px; text-decoration: none;\" href=\"https:\/\/instagram.com\/p\/5r6ZR2vc9H\/\" target=\"_top\" rel=\"noopener\">Um v\u00eddeo publicado por Cl\u00e1udio Brisighello (@claudiaoclubedos30)<\/a> em <time style=\"font-family: Arial,sans-serif; font-size: 14px; line-height: 17px;\" datetime=\"2015-07-28T16:14:06+00:00\">Jul 28, 2015 \u00e0s 9:14 PDT<\/time><\/p>\n<\/div>\n<\/blockquote>\n<p><script type=\"text\/javascript\" src=\"\/\/platform.instagram.com\/en_US\/embeds.js\" defer=\"defer\" async=\"\"><\/script>[\/vc_column_text][\/vc_column][vc_column width=&#8221;3\/4&#8243;][vc_column_text css=&#8221;.vc_custom_1540403498354{margin-left: 70px !important;}&#8221;] \u00a0 \u00a0 \u00a0Neste momento, seu levain dever\u00e1 estar bem &#8220;inflado&#8221; e com aquele cheiro peculiar de fermento, um frescor levemente \u00e1cido e frutado. Use uma colher para colocar, em pequenos nacos, a quantidade certa na massa. Repare como o levain ficou aerado, um sinal de sua desejada atividade. Assim como na manuten\u00e7\u00e3o di\u00e1ria da sua cultura, voc\u00ea quer inocular na massa do p\u00e3o um levain maduro, bem populado. Adicione o sal ap\u00f3s e misture tudo, pin\u00e7ando com as m\u00e3os at\u00e9 obter uma massa que mais parecer\u00e1 com uma meleca horr\u00edvel, te deixando d\u00favidas se aquilo realmente vai virar um lindo p\u00e3o. Por fim, transfira para uma mesa de trabalho, onde acontecer\u00e1 a sova. Sovar massas grudentas como essa \u00e9 uma tarefa imposs\u00edvel de se fazer com a t\u00e9cnica tradicional de &#8220;amassar&#8221; com a palma das m\u00e3os. A t\u00e9cnica do &#8220;slap &amp; fold&#8221;, ou m\u00e9todo Bertinet, ou sova francesa, ou seja l\u00e1 como se chama isso, \u00e9 a solu\u00e7\u00e3o aqui e melhor descrita visualmente no v\u00eddeo ao lado. Requer um pouco de pr\u00e1tica, mas uma vez aprendida, se torna um exerc\u00edcio pra l\u00e1 de divertido. A dica \u00e9 usar a ponta dos dedos, um toque leve das m\u00e3os e absolutamente nunca enfarinhar a mesa. Grudar a massa na mesa \u00e9 necess\u00e1rio aqui, para que voc\u00ea exercite sua elasticidade, batendo e envelopando, como se tentasse incorporar ar na massa. A cada virada, pegue a massa de lado, assim ela vai girando e sendo trabalhada por inteiro. Use uma esp\u00e1tula para limpar a mesa e suas m\u00e3os de vez em quando e repare que quanto mais a massa se desenvolve, menos ela grudar\u00e1 e sua superf\u00edcie vai ficando lisa e homog\u00eanea. Este processo leva de 5 a 10 minutos, dependendo da pr\u00e1tica. Desejamos uma massa com m\u00e9dia forma\u00e7\u00e3o de gl\u00faten, com um pouco de resist\u00eancia a rasgar se voc\u00ea esticar um peda\u00e7o com as 2 m\u00e3os. Transfira ent\u00e3o a massa para um bowl onde ocorrer\u00e1 a fermenta\u00e7\u00e3o prim\u00e1ria. N\u00e3o se preocupe com o ponto agora, que continuar\u00e1 a se desenvolver durante as dobras a seguir. Por fim, se tiver uma batedeira planet\u00e1ria, utilize a 2\u00aa velocidade para dar este ponto, geralmente em torno de 5 minutos. [\/vc_column_text][\/vc_column][\/vc_row][vc_row][vc_column][vc_text_separator title=&#8221;16:00 DOBRAS \/ FERMENTA\u00c7\u00c3O PRIM\u00c1RIA&#8221; border_width=&#8221;4&#8243;][\/vc_column][vc_column width=&#8221;3\/4&#8243;][vc_column_text css=&#8221;.vc_custom_1549024058567{margin-right: 70px !important;}&#8221;]As dobras s\u00e3o uma t\u00e9cnica maravilhosa que desenvolve a massa quase que passivamente, apenas com esfor\u00e7os pontuais entre intervalos bem espa\u00e7ados. Consiste em esticar e dobrar a massa como um envelope, em seus 2 eixos, um processo que muitos fazem dentro do pr\u00f3prio bowl (evitando o trabalho de transferir a massa para a mesa). O v\u00eddeo demonstra melhor, repare que o objetivo aqui \u00e9 esticar e &#8220;amarrar&#8221; firmemente a massa, que durante o descanso vai se fortalecendo. Repita as dobras entre 30 a 60 minutos, de 2 a 4 vezes, variando conforme o progresso da massa. Voc\u00ea dever\u00e1 sentir diferen\u00e7a a cada dobra, a massa vai resistindo mais e parecendo mais forte. Se ela aparentar querer rasgar, deixe ela relaxar e dobre novamente dali um bom tempo. Al\u00e9m disso, a temperatura vai sendo redistribu\u00edda. Ou seja, as dobras s\u00e3o uma \u00f3tima id\u00e9ia! Em dias frios, eu costumo manter o bowl dentro de um forno com a luz acesa durante os intervalos, para manter a temperatura desejada da massa (26-28\u00b0C). Durante este processo acontece algo muito importante que \u00e9 a fermenta\u00e7\u00e3o prim\u00e1ria, produzindo sabor, gaseificando (crescendo), enfim, transformando aos poucos a massa. Esta fase pode levar desde 2 horas (dependendo de fatores como a temperatura da massa, porcentagem de inocula\u00e7\u00e3o e estado do seu levain), at\u00e9 4 horas ou mais (pode-se retardar at\u00e9 o dia seguinte se colocarmos a massa na geladeira). Desejamos proceder ao boleamento quando a massa apresentar sinais de atividade (como a presen\u00e7a de bolhas), que no tato dever\u00e1 sentir uma certa maleabilidade diferente da rigidez compacta do in\u00edcio. Se passarmos do ponto e deixar a massa crescer muito, nos aproximamos de uma indesej\u00e1vel degrada\u00e7\u00e3o de gl\u00faten e um ciclo fermentativo que avan\u00e7ou demais, podendo faltar ao final, al\u00e9m de uma acidifica\u00e7\u00e3o maior, nem sempre desejada. Se nos adiantarmos e procedermos com o boleamento, abreviando a fermenta\u00e7\u00e3o prim\u00e1ria, perde-se bastante com um p\u00e3o sub-fermentado. Visualmente, atente para um crescimento em torno de 30-50% no volume da massa. Mais uma vez, sua observa\u00e7\u00e3o \u00e9 que vai determinar quando seguir adiante. Deixe a sua massa se desenvolver![\/vc_column_text][\/vc_column][vc_column width=&#8221;1\/4&#8243;][vc_column_text disable_pattern=&#8221;true&#8221; align=&#8221;center&#8221; margin_bottom=&#8221;0&#8243;]<\/p>\n<blockquote class=\"instagram-media\" style=\"background: #FFF; border: 0; border-radius: 3px; box-shadow: 0 0 1px 0 rgba(0,0,0,0.5),0 1px 10px 0 rgba(0,0,0,0.15); margin: 1px; max-width: 300px; padding: 0; width: calc(100% - 2px);\" data-instgrm-version=\"4\">\n<div style=\"padding: 8px;\">\n<div style=\"background: #F8F8F8; line-height: 0; margin-top: 40px; padding: 50% 0; text-align: center; width: 100%;\"><\/div>\n<p><a style=\"color: #c9c8cd; font-family: Arial,sans-serif; font-size: 14px; font-style: normal; font-weight: normal; line-height: 17px; text-decoration: none;\" href=\"https:\/\/instagram.com\/p\/6bKLmQvc34\/\" target=\"_top\" rel=\"noopener\">Um v\u00eddeo publicado por Cl\u00e1udio Brisighello (@claudiaoclubedos30)<\/a> em <time style=\"font-family: Arial,sans-serif; font-size: 14px; line-height: 17px;\" datetime=\"2015-07-28T16:14:06+00:00\">Jul 28, 2015 \u00e0s 9:14 PDT<\/time><\/p>\n<\/div>\n<\/blockquote>\n<p><script type=\"text\/javascript\" src=\"\/\/platform.instagram.com\/en_US\/embeds.js\" defer=\"defer\" async=\"\"><\/script>[\/vc_column_text][\/vc_column][\/vc_row][vc_row][vc_column][vc_text_separator title=&#8221;18:40 PORCIONAR \/ PR\u00c9 BOLEAMENTO&#8221; border_width=&#8221;4&#8243;][vc_single_image image=&#8221;9331&#8243; img_size=&#8221;full&#8221; alignment=&#8221;center&#8221; style=&#8221;vc_box_border&#8221; css=&#8221;.vc_custom_1689086680232{margin-bottom: 5px !important;}&#8221;][vc_column_text]<\/p>\n<h6 style=\"text-align: center;\">descanso ap\u00f3s porcionar e pr\u00e9-boleamento<\/h6>\n<p>[\/vc_column_text][vc_column_text disable_pattern=&#8221;true&#8221; align=&#8221;left&#8221; margin_bottom=&#8221;0&#8243;]<\/p>\n<p style=\"text-align: justify;\">\u00a0 \u00a0 \u00a0Transferimos a massa para a mesa de trabalho levemente enfarinhada. Excessos neste sentido ir\u00e3o alterar a f\u00f3rmula da massa, al\u00e9m de provocar defeitos no boleamento (estrutura interior do p\u00e3o).\u00a0 A esp\u00e1tula \u00e9 sua melhor amiga para lidar com massas grudentas. Corte a massa em 2 peda\u00e7os iguais ou pese em uma balan\u00e7a conforme preferir. Fa\u00e7a uma bola com cada peda\u00e7o, novamente a esp\u00e1tula (e uma m\u00e3o leve) ajuda muito a n\u00e3o grudar. Arraste a massa girando-a na mesa, visando formar tens\u00e3o embaixo dela. Esta etapa facilitar\u00e1 o boleamento final daqui 20-30 minutos.<\/p>\n<p>[\/vc_column_text][\/vc_column][\/vc_row][vc_row][vc_column][vc_empty_space][vc_text_separator title=&#8221;19:00 BOLEAMENTO \/ DESCANSO FINAL&#8221; border_width=&#8221;4&#8243;][\/vc_column][vc_column width=&#8221;1\/4&#8243;][vc_column_text disable_pattern=&#8221;true&#8221; align=&#8221;center&#8221; margin_bottom=&#8221;0&#8243;]<\/p>\n<blockquote class=\"instagram-media\" style=\"background: #FFF; border: 0; border-radius: 3px; box-shadow: 0 0 1px 0 rgba(0,0,0,0.5),0 1px 10px 0 rgba(0,0,0,0.15); margin: 1px; max-width: 300px; padding: 0; width: calc(100% - 2px);\" data-instgrm-version=\"4\">\n<div style=\"padding: 8px;\">\n<div style=\"background: #F8F8F8; line-height: 0; margin-top: 40px; padding: 50% 0; text-align: center; width: 100%;\"><\/div>\n<p style=\"color: #c9c8cd; font-family: Arial,sans-serif; font-size: 14px; line-height: 17px; margin-bottom: 0; margin-top: 8px; overflow: hidden; padding: 8px 0 7px; text-align: center; text-overflow: ellipsis; white-space: nowrap;\"><a style=\"color: #c9c8cd; font-family: Arial,sans-serif; font-size: 14px; font-style: normal; font-weight: normal; line-height: 17px; text-decoration: none;\" href=\"https:\/\/instagram.com\/p\/7BfpV8vc-S\/\" target=\"_top\" rel=\"noopener\">Um v\u00eddeo publicado por Cl\u00e1udio Brisighello (@claudiaoclubedos30)<\/a> em <time style=\"font-family: Arial,sans-serif; font-size: 14px; line-height: 17px;\" datetime=\"2015-07-28T16:14:06+00:00\">Jul 28, 2015 \u00e0s 9:14 PDT<\/time><\/p>\n<\/div>\n<\/blockquote>\n<p><script type=\"text\/javascript\" src=\"\/\/platform.instagram.com\/en_US\/embeds.js\" defer=\"defer\" async=\"\"><\/script>[\/vc_column_text][\/vc_column][vc_column width=&#8221;3\/4&#8243;][vc_column_text css=&#8221;.vc_custom_1549024496470{margin-left: 70px !important;}&#8221;]Para cada massa pr\u00e9-boleada, fazemos o formato final. Existem v\u00e1rias t\u00e9cnicas de boleamento e a melhor instru\u00e7\u00e3o s\u00e3o os diversos v\u00eddeos dispon\u00edveis na internet. Fiz um ao lado com uma t\u00e9cnica bem simples para iniciantes (procure come\u00e7ar com hidrata\u00e7\u00f5es n\u00e3o muito altas). Mas n\u00e3o deixe de pesquisar outros m\u00e9todos para fazer &#8220;batards&#8221; (torpedos) ou &#8220;boules&#8221; (bolas). Lembre-se que o objetivo \u00e9 &#8220;lacrar&#8221; a massa com um selamento firme e uma forte tens\u00e3o em sua superf\u00edcie para que o formato se sustente por si pr\u00f3prio. Como o p\u00e3o ir\u00e1 assar sem forma, um boleamento mal feito impacta diretamente na capacidade do p\u00e3o se erguer durante a coc\u00e7\u00e3o. Atente tamb\u00e9m ao baixar ou desgaseificar a massa: alguns preferem lidar com m\u00e3os bem leves, preservando a estrutura que se formou na massa at\u00e9 ent\u00e3o. Outros pressionam levemente antes de bolear, para dar uma chance da massa continuar crescendo. Pense na rede de gl\u00faten como um monte de bal\u00f5es el\u00e1sticos que v\u00e3o inflando at\u00e9 um limite. S\u00e3o decis\u00f5es que dependem do est\u00e1gio fermentativo da massa e sua for\u00e7a desenvolvida at\u00e9 o momento, ou seja, novamente o &#8220;feeling do padeiro&#8221; entra em jogo. Por fim, passe o topo da massa boleada em uma mistura de farinha de trigo e farinha de arroz (50% cada), isso evitar\u00e1 que ela grude nas cestinhas de descanso final. Essas &#8220;cestinhas&#8221; s\u00e3o chamadas de &#8220;bannetons&#8221; e, na aus\u00eancia delas (s\u00e3o caras e importadas), use a sua imagina\u00e7\u00e3o: uma pequena bacia pode acomodar um boule, assim como uma forma de p\u00e3o pullman pode guardar seu batard. Forre o recipiente com um pano limpo (linho) e coloque a massa dentro, com o selamento para cima. No topo, costumo colocar o farelo de trigo que extraio ao peneirar minha farinha integral. N\u00e3o s\u00f3 d\u00e1 valor nutricional, mas tamb\u00e9m mais sabor na base do p\u00e3o e insula\u00e7\u00e3o t\u00e9rmica durante a coc\u00e7\u00e3o. Neste momento, a massa pode ir direto para a geladeira para um descanso final em torno de 5\u00b0C, por 12 a 16 horas. Lembre-se que na fermenta\u00e7\u00e3o natural, a pressa \u00e9 realmente inimiga da perfei\u00e7\u00e3o. O longo processo te recompensar\u00e1 com um sabor sem compara\u00e7\u00e3o com p\u00e3es convencionais mais r\u00e1pidos. Em dias mais frios, pode-se realizar uma etapa adicional que \u00e9 um descanso p\u00f3s boleamento, a temperatura ambiente (&#8220;bench rest&#8221;). J\u00e1 cheguei a descansar a massa boleada por at\u00e9 1h30m antes de retard\u00e1-la na geladeira. Tudo depende, novamente, do estado da sua massa, fique de olho nela e d\u00ea a ela o tempo que ela precisa.[\/vc_column_text][\/vc_column][\/vc_row][vc_row][vc_column][vc_text_separator title=&#8221;9:00 ASSAR (manh\u00e3 seguinte)&#8221; border_width=&#8221;4&#8243;][vc_column_text]Os p\u00e3es ir\u00e3o assar direto da geladeira* ao forno. Para que se forme a carecter\u00edstica casca desses p\u00e3es, a massa precisa de um ambiente com vapor d\u00b4\u00e1gua. Acontece que, durante a coc\u00e7\u00e3o, a umidade provida pelo vapor ajuda a gelatinizar a\u00e7\u00facares na superf\u00edcie do p\u00e3o, promovendo cor e brilho na casca (e um sabor caramelizado, delicioso). Sem o vapor, a superf\u00edcie do p\u00e3o ressaca rapidamente e nada disso ocorreria, produzindo um p\u00e3o p\u00e1lido, sem mencionar que manter a umidade nos minutos iniciais \u00e9 fundamental para permitir que a massa se expanda. Fornos profissionais de padarias conseguem injetar vapor. Como ficam n\u00f3s padeiros caseiros? S\u00e3o v\u00e1rios os m\u00e9todos de se vaporizar um forno dom\u00e9stico, n\u00e3o vou entrar em cada um deles (basta pesquisar no google se tiver curiosidade), mas sim apontar meu jeito predileto que s\u00e3o as panelas de ferro ou &#8220;dutch ovens&#8221;. Assar p\u00e3o dentro de panela pode soar estranho de in\u00edcio, mas \u00e9 perfeito: a panela fechada \u00e9 suficiente para segurar a pr\u00f3pria umidade da massa e criar um micro-ambiente vaporizado. Voc\u00ea pode ainda borrifar \u00e1gua antes de tampar o p\u00e3o dentro (desde que a panela tenha sido pr\u00e9-aquecida). A panela grossa ainda tem a vantagem de uniformizar a temperatura em torno da massa. Na aus\u00eancia da panela, vale novamente a imagina\u00e7\u00e3o: j\u00e1 usei uma pedra de pizza com um vaso de barro invertido de tampa (fiz at\u00e9 um pegador em cima), funciona perfeitamente, al\u00e9m de ser bem mais barato. Pr\u00e9-aque\u00e7a o forno com a panela (cubra a al\u00e7a com papel alum\u00ednio, se for de madeira), 1 hora antes. Quanto mais quente, melhor: o crescimento final (chamado de oven spring) acontece assim que a massa entra no forno e \u00e9 essencial na conclus\u00e3o do processo, sendo a temperatura acima de 250\u00b0C ideal para que esta expans\u00e3o final aconte\u00e7a. Novamente, s\u00e3o muitos fatores desde o in\u00edcio que influenciar\u00e3o se o seu p\u00e3o ir\u00e1 crescer agora: qualidade da farinha, sa\u00fade do levain, fermenta\u00e7\u00e3o prim\u00e1ria, ponto da massa, boleamento firme, descanso final apropriado, corte bem feito, vaporiza\u00e7\u00e3o, temperatura do forno. Neste universo complexo est\u00e1 o grande fasc\u00ednio dos p\u00e3es de fermenta\u00e7\u00e3o natural.[\/vc_column_text][vc_column_text]*Voc\u00ea pode optar por assar no mesmo dia, sem o uso do retardamento. Neste caso, a massa boleada dever\u00e1 crescer nos cestos por 2 horas ou mais, dependendo da temperatura ambiente. Neste m\u00e9todo mais direto, recomenda-se aumentar a inocula\u00e7\u00e3o de levain para acelerar o processo que j\u00e1 \u00e9 longo. O sabor tende a ser menos complexo, n\u00e3o necessariamente pior. Uma curiosidade s\u00e3o aquelas bolhas na casca (efeito &#8220;pururuca&#8221;), elas s\u00f3 acontecem se houver o retardamento. Vale ressaltar que o corte \u00e9 mais dif\u00edcil de ser feito em uma massa n\u00e3o fria, menos r\u00edgida. Em contrapartida, \u00e9 mais f\u00e1cil monitorar o descanso final da massa sob temperatura ambiente. Em padarias, o retardamento a frio pode se tornar um problema log\u00edstico se pensarmos em grandes quantidades. Para n\u00f3s, caseiros, qualquer cantinho na geladeira resolve! Mas no fim, tudo depende apenas de sua prefer\u00eancia pessoal.[\/vc_column_text][\/vc_column][vc_column width=&#8221;3\/4&#8243;][vc_column_text disable_pattern=&#8221;true&#8221; align=&#8221;left&#8221; margin_bottom=&#8221;0&#8243; css=&#8221;.vc_custom_1540410666054{margin-right: 70px !important;}&#8221;] \u00a0 \u00a0 \u00a0Prepare uma p\u00e1 (como essas de pizza) para receber a massa. Qualquer peda\u00e7o fino de madeira ou at\u00e9 um papel\u00e3o serve. Espalhe um pouco de fub\u00e1 em cima para ajudar na hora de deslizar a massa pra dentro da panela. Para os boules, eu uso as pr\u00f3prias m\u00e3os para colocar dentro da panela, com muito cuidado para n\u00e3o se queimar nem danificar a massa com o toque. Retire as cestinhas da geladeira e vire elas sobre a p\u00e1, deixando o selamento para baixo. \u00c9 hora de realizar o corte, que \u00e9 uma arte \u00e0 parte. Cortar sutilmente a superf\u00edcie auxilia na expans\u00e3o e influencia diretamente no formato final. No caso dos batards ou torpedos, o corte mais f\u00e1cil a se fazer \u00e9 \u00fanico e longitudinal, paralelo a seu eixo. Para que o corte se abra formando uma pestana, recomenda-se posicionar a l\u00e2mina bem inclinada, algo em torno de 30 graus. O corte n\u00e3o precisa ser profundo, 1\/2 cent\u00edmetro j\u00e1 basta para a m\u00e1gica acontecer (se todos os outros detalhes do processo correram bem). [\/vc_column_text][vc_column_text disable_pattern=&#8221;true&#8221; align=&#8221;left&#8221; css=&#8221;.vc_custom_1540410679883{margin-right: 70px !important;}&#8221;] \u00a0 \u00a0 \u00a0Muitos utilizam uma l\u00e2mina curva para obter essa angula\u00e7\u00e3o. Pode-se fazer uma caseira, eu encaixo uma gilete em um hashi (aquele palitinho japon\u00eas). H\u00e1 quem use a gilete diretamente na m\u00e3o, outros usam at\u00e9 uma faca bem afiada e muitos compram essas ferramentas prontas (e caras) em lojas especializadas. E no caso do boule, o corte pode ser perpendicular para produzir desenhos variados. Um bom treino \u00e9 desenhar os cortes no papel. Uma boa inspira\u00e7\u00e3o \u00e9 o Instagram, l\u00e1 voc\u00ea encontrar\u00e1 p\u00e3es com os cortes mais lindos por a\u00ed afora. [\/vc_column_text][vc_column_text disable_pattern=&#8221;true&#8221; align=&#8221;left&#8221; margin_bottom=&#8221;0&#8243; css=&#8221;.vc_custom_1540410637255{margin-right: 70px !important;}&#8221;] \u00a0 \u00a0 \u00a0Assim que cortar, voc\u00ea est\u00e1 correndo contra o rel\u00f3gio. Deslize o p\u00e3o para dentro da panela, tampe (borrife \u00e1gua se quiser) e mande pro forno imediatamente. O per\u00edodo de vaporiza\u00e7\u00e3o (com a tampa colocada) \u00e9 suficiente em 20 minutos. Ap\u00f3s este tempo, voc\u00ea dever\u00e1 retirar a tampa para dar uma chance do p\u00e3o dourar e finalizar, geralmente neste instante final reduzimos a temperatura para 220 graus durante mais 20 minutos, dependendo do peso da massa. N\u00e3o tenha medo de deixar o p\u00e3o amarronzar bem. Diferente dos p\u00e3es comuns, o pain au levain s\u00f3 tem a ganhar com uma casca bem caramelizada, escura. [\/vc_column_text][\/vc_column][vc_column width=&#8221;1\/4&#8243;][vc_column_text disable_pattern=&#8221;false&#8221; align=&#8221;center&#8221; margin_bottom=&#8221;-10&#8243;]<\/p>\n<blockquote class=\"instagram-media\" style=\"background: #FFF; border: 0; border-radius: 3px; box-shadow: 0 0 1px 0 rgba(0,0,0,0.5),0 1px 10px 0 rgba(0,0,0,0.15); margin: 1px; max-width: 300px; padding: 0; width: calc(100% - 2px);\" data-instgrm-version=\"4\">\n<div style=\"padding: 8px;\">\n<div style=\"background: #F8F8F8; line-height: 0; margin-top: 40px; padding: 50% 0; text-align: center; width: 100%;\"><\/div>\n<p><a style=\"color: #c9c8cd; font-family: Arial,sans-serif; font-size: 14px; font-style: normal; font-weight: normal; line-height: 17px; text-decoration: none;\" href=\"https:\/\/instagram.com\/p\/5_FsEVPc3X\/\" target=\"_top\" rel=\"noopener\">Um v\u00eddeo publicado por Cl\u00e1udio Brisighello (@claudiaoclubedos30)<\/a> em <time style=\"font-family: Arial,sans-serif; font-size: 14px; line-height: 17px;\" datetime=\"2015-08-05T02:58:21+00:00\">Ago 4, 2015 \u00e0s 7:58 PDT<\/time><\/p>\n<\/div>\n<\/blockquote>\n<p><script type=\"text\/javascript\" src=\"\/\/platform.instagram.com\/en_US\/embeds.js\" defer=\"defer\" async=\"\"><\/script>[\/vc_column_text][\/vc_column][vc_column][vc_single_image image=&#8221;9354&#8243; img_size=&#8221;full&#8221; alignment=&#8221;center&#8221; style=&#8221;vc_box_border&#8221; css=&#8221;.vc_custom_1689087018445{margin-bottom: 5px !important;}&#8221;][vc_column_text disable_pattern=&#8221;true&#8221; align=&#8221;center&#8221; margin_bottom=&#8221;8&#8243;]<\/p>\n<h6 style=\"text-align: center;\">20 minutos logo ap\u00f3s destampar (vaporiza\u00e7\u00e3o) \/ p\u00e3o assado ap\u00f3s 45 minutos<\/h6>\n<p>[\/vc_column_text][vc_column_text disable_pattern=&#8221;true&#8221; align=&#8221;left&#8221; margin_bottom=&#8221;-20&#8243;]Por fim, deixe esfriar em uma grade antes de comer. Este p\u00e3o tem uma durabilidade (shelf life) maior que p\u00e3es comuns, podendo ser consumido em 1 semana. Recomenda-se embrulhar em sacos de papel ou um pano. Fechar em pl\u00e1sticos bem vedados ir\u00e1 promover umidade, perdendo a casca rapidamente e acelerando o surgimento de mofos. Conforme for ficando velho e seco, pode ser transformado em torradas, ou at\u00e9 batido no liquidificador para uma preciosa farinha de rosca. Tamb\u00e9m suporta bem o congelamento, bem embalado em alum\u00ednio e filme pl\u00e1stico, sendo descongelado aberto a temperatura ambiente e depois reaquecido por 10 minutos para ganhar de volta sua casca crocante.<\/p>\n<p>T\u00e3o importante quanto o prazer de comer, \u00e9 o h\u00e1bito de avaliar o resultado. N\u00e3o deixe de analisar todo o trabalho realizado e anotar poss\u00edveis altera\u00e7\u00f5es, aprendizados e d\u00favidas a serem exploradas na pr\u00f3xima vez. O p\u00e3o teve o crescimento desejado? Os cortes abriram bem? Como est\u00e1 a casca, brilhante, opaca? Assou mais em baixo? Devo subir a grade do forno? E o miolo, bem alveolado, leve ou compacto? Sabor muito \u00e1cido? S\u00e3o diversas perguntas a se fazer para que voc\u00ea construa um conhecimento emp\u00edrico a cada experi\u00eancia, ajustando pequenos detalhes para conseguir o p\u00e3o do seu jeitinho, do seu gosto. E o mais importante: n\u00e3o desanimar se algo der errado! Pratique, repita, fa\u00e7a de novo. Siga uma mesma f\u00f3rmula, mudando uma vari\u00e1vel de cada vez. N\u00e3o altere tudo afim de tentar resolver um problema, sen\u00e3o ficar\u00e1 dif\u00edcil isolar uma causa raiz. Boas fornadas a todos!![\/vc_column_text][\/vc_column][\/vc_row][vc_row][vc_column][vc_text_separator title=&#8221;AP\u00caNDICES&#8221; i_icon_fontawesome=&#8221;fas fa-hand-point-right&#8221; i_color=&#8221;black&#8221; i_size=&#8221;sm&#8221; title_align=&#8221;separator_align_left&#8221; border_width=&#8221;4&#8243; add_icon=&#8221;true&#8221;][vc_column_text]<\/p>\n<p style=\"text-align: justify;\">\u00a0 \u00a0 \u00a0O que seriam os &#8220;<strong>adjuntos opcionais<\/strong>&#8221; na f\u00f3rmula do p\u00e3o b\u00e1sico, que n\u00e3o foram mencionados at\u00e9 agora?<\/p>\n<p style=\"text-align: justify;\">\u00a0 \u00a0 \u00a0Temperos como cebola desidratada, alecrim, azeitonas pretas, gr\u00e3os, etc., podem dar outra personalidade ao p\u00e3o. S\u00e3o adicionados sempre nos est\u00e1gios finais da sova, pois dar ponto na massa com outras &#8220;coisinhas&#8221; dentro ser\u00e1 mais trabalhoso. Costumo colocar a massa j\u00e1 com m\u00e9dio gl\u00faten num bowl e vou envelopando os ingredientes aos poucos, depois retorno \u00e0 mesa e finalizo. Tenha cuidado com o impacto do que for adicionar: gr\u00e3os, por exemplo, absorvem muita \u00e1gua, alterando a hidrata\u00e7\u00e3o do seu p\u00e3o. Por isso fazemos um &#8220;soaker&#8221;, que nada mais \u00e9 que uma mistura em quantidades iguais de \u00e1gua e gr\u00e3os, algumas horas antes de fazer a massa. As porcentagens variam: alecrim, por sua vez, \u00e9 muito potente e n\u00e3o dever\u00e1 passar de 1%. Por fim, h\u00e1 quem use 0,5% de malte diast\u00e1tico em p\u00f3 (dif\u00edcil de encontrar no pa\u00eds), rico em enzimas, contribuindo para a colora\u00e7\u00e3o dourada da casca. Pode ser produzido com malte de trigo (encontrado em lojas de insumos cervejeiros) triturado num moedor de caf\u00e9.<\/p>\n<p style=\"text-align: justify;\">\u00a0 \u00a0 \u00a0Meu conselho \u00e9: antes de come\u00e7ar a inventar adjuntos para o seu p\u00e3o, domine o sabor dele com apenas \u00e1gua, farinha e sal. \u00c9 f\u00e1cil mascarar um p\u00e3o com azeitonas gra\u00fadas deliciosas ou nozes caras, enquanto \u00e9 muito mais dif\u00edcil conquistar satisfa\u00e7\u00e3o somente no &#8220;p\u00e3o b\u00e1sico&#8221;. Revelamos o talento de um pizzaiolo pedindo uma simples marguerita. Afinal, qualquer pizza fica gostosa se botarmos cogumelos regados a azeite de trufas brancas, queijo franc\u00eas e etc.!<\/p>\n<p>[\/vc_column_text][\/vc_column][vc_column width=&#8221;1\/4&#8243;][vc_column_text css=&#8221;.vc_custom_1540410613103{margin-top: 40px !important;}&#8221;]<strong><em>Temperatura desejada (\u00b0C): 26\u00a0* 4 = 104<\/em><\/strong><\/p>\n<p><strong><em>Subtrai-se a soma dos 4 fatores abaixo:<\/em><\/strong><\/p>\n<p><strong><em>Temperatura ambiente: 21<\/em><\/strong><br \/>\n<strong><em>Temperatura da farinha: 18<\/em><\/strong><br \/>\n<strong><em>Temperatura do levain: 20<\/em><\/strong><br \/>\n<strong><em>Temperatura de fric\u00e7\u00e3o**: 4<\/em><\/strong><\/p>\n<p><strong><em>Temperatura da \u00e1gua: 104 &#8211; 63 = 41\u00b0C<\/em><\/strong>[\/vc_column_text][\/vc_column][vc_column width=&#8221;3\/4&#8243;][vc_text_separator title=&#8221;TEMPERATURA DA \u00c1GUA&#8221; border_width=&#8221;4&#8243;][vc_column_text]<\/p>\n<p style=\"text-align: justify;\">\u00a0 \u00a0 \u00a0No m\u00e9todo descrito aqui, assim como em quaisquer f\u00f3rmulas que voc\u00ea pesquisar, um &#8220;ingrediente&#8221; imprescind\u00edvel deve ser respeitado, afinal j\u00e1 vimos bastante o quanto ele influencia no comportamento da coisa: a temperatura da massa. A maneira mais f\u00e1cil de controlar isto \u00e9 atrav\u00e9s da \u00e1gua. A temperatura ambiente e a consequente temperatura da farinha, s\u00e3o fatores mais incontrol\u00e1veis, a n\u00e3o ser que sua cozinha tenha um aquecedor ou ar-condicionado, ou voc\u00ea tenha um pacto com S\u00e3o Pedro. Mas o quanto devemos aquecer a \u00e1gua? Utilize a equa\u00e7\u00e3o do exemplo ao lado.<\/p>\n<p style=\"text-align: justify;\">(esta conta n\u00e3o te garante 100% de precis\u00e3o no acerto mas ajuda a chegar perto do desejado. Com um pouco de pr\u00e1tica voc\u00ea lembrar\u00e1 dos n\u00fameros e ajustar\u00e1 &#8220;de cabe\u00e7a&#8221; a sua \u00e1gua nos dias mais frios)<\/p>\n<h6 style=\"text-align: justify;\">**quantos graus a massa esquenta durante um processo mec\u00e2nico de mistura\/sova (utilizando batedeira ou masseira)<\/h6>\n<p>[\/vc_column_text][\/vc_column][\/vc_row][vc_row][vc_column][vc_text_separator title=&#8221;SOURDOUGH.XLS&#8221; border_width=&#8221;4&#8243;][\/vc_column][vc_column width=&#8221;3\/4&#8243;][vc_column_text]<\/p>\n<p style=\"text-align: justify;\">\u00a0 \u00a0 \u00a0 \u00a0Alguns j\u00e1 devem ter pensado: com tanta matem\u00e1tica, n\u00e3o seria legal fazer uma planilha pra calcular as f\u00f3rmulas dos p\u00e3es? Sim, seria bacana e aqui est\u00e1 ela! <a href=\"http:\/\/yuri.com.br\/claudio\/sourdough.zip\" target=\"_blank\" rel=\"noopener\">Clique aqui para baixar<\/a>.<\/p>\n<p style=\"text-align: justify;\">\u00a0 \u00a0 \u00a0Nesta planilha, preenchemos somente os campos em amarelo para dimensionar as fornadas, hidrata\u00e7\u00e3o e etc., incluindo a prepara\u00e7\u00e3o do levain e at\u00e9 um c\u00e1lculo de temperatura da \u00e1gua. &#8220;Roubei&#8221; ela do site thefreshloaf.com e adaptei para mim. Fique \u00e0 vontade para alter\u00e1-la conforme sua necessidade e s\u00f3 se aventure a mexer se souber um m\u00ednimo de Excel, pois eu n\u00e3o dou suporte nestes softwares&#8230;<\/p>\n<p>[\/vc_column_text][\/vc_column][vc_column width=&#8221;1\/4&#8243;][vc_single_image image=&#8221;7746&#8243; img_size=&#8221;full&#8221; alignment=&#8221;center&#8221; css=&#8221;.vc_custom_1540471679045{margin-top: -10px !important;}&#8221;][\/vc_column][vc_column width=&#8221;1\/2&#8243;][vc_text_separator title=&#8221;BIBLIOGRAFIA&#8221; i_icon_fontawesome=&#8221;fas fa-hand-point-right&#8221; i_color=&#8221;black&#8221; i_size=&#8221;sm&#8221; title_align=&#8221;separator_align_left&#8221; border_width=&#8221;4&#8243; add_icon=&#8221;true&#8221;][vc_column_text]<strong>Fontes acad\u00eamicas<\/strong><br \/>\n(Kline e Sugihara foram os descobridores do <em>Lactobacillus sanfranciscensis<\/em>)<\/p>\n<p><a href=\"http:\/\/aem.asm.org\/search?author1=T.+F.+Sugihara&amp;author2=Leo+Kline&amp;sortspec=date&amp;submit=Submit\" target=\"_blank\" rel=\"noopener\">Applied and Environmental Microbiology &#8211; Kline &amp; Sugihara<\/a><br \/>\n<a href=\"http:\/\/aem.asm.org\/search?author1=Michael+G.+G%C3%A4nzle&amp;author2=Michaela+Ehmann&amp;sortspec=date&amp;submit=Submit\" target=\"_blank\" rel=\"noopener\">Applied and Environmental Microbiology &#8211; G\u00e4nzle &amp; Ehmann<\/a><\/p>\n<p><strong>Livros<\/strong><br \/>\n(indico o melhor de todos em minha opini\u00e3o)<\/p>\n<p><a href=\"http:\/\/www.amazon.com\/Bread-Bakers-Book-Techniques-Recipes\/dp\/1118132718\" target=\"_blank\" rel=\"noopener\">Bread: A Baker&#8217;s Book of Techniques and Recipes &#8211; J. Hamelman<\/a><\/p>\n<p><strong>Redes sociais<\/strong><br \/>\n(excelente fonte de discuss\u00f5es t\u00e9cnicas)<\/p>\n<p><a href=\"http:\/\/www.thefreshloaf.com\/node\/10375\/lactic-acid-fermentation-sourdough\" target=\"_blank\" rel=\"noopener\">thefreshloaf.com: Lactic Acid Fermentation &#8211; Debra Wink<\/a><br \/>\n<a href=\"http:\/\/www.thefreshloaf.com\/node\/10856\/pineapple-juice-solution-part-1\" target=\"_blank\" rel=\"noopener\">thefreshloaf.com: Pineapple juice solution part 1 &#8211; Debra Wink<\/a><br \/>\n<a href=\"http:\/\/www.thefreshloaf.com\/node\/10901\/pineapple-juice-solution-part-2\" target=\"_blank\" rel=\"noopener\"> thefreshloaf.com: Pineapple juice solution part 2 &#8211; Debra Wink<\/a><br \/>\n<a href=\"http:\/\/pizza2calc.altervista.org\/technique-of-autolysis-explained-by-teacher-piergiorgio-giorilli\/\" target=\"_blank\" rel=\"noopener\">The technique of autolysis &#8211; Piergiorgio Giorilli<\/a><br \/>\n<a href=\"http:\/\/instagram.com\/apieceofbread\" target=\"_blank\" rel=\"noopener\">APIECE Instagram &#8211; Ian Lowe<\/a>[\/vc_column_text][\/vc_column][vc_column width=&#8221;1\/2&#8243;][vc_text_separator title=&#8221;DOA\u00c7\u00d5ES&#8221; i_icon_fontawesome=&#8221;fas fa-hand-point-right&#8221; i_color=&#8221;black&#8221; i_size=&#8221;sm&#8221; title_align=&#8221;separator_align_left&#8221; border_width=&#8221;4&#8243; add_icon=&#8221;true&#8221;][vc_cta h2=&#8221;Caro leitor,&#8221; txt_align=&#8221;justify&#8221; color=&#8221;black&#8221;]<\/p>\n<p style=\"text-align: justify;\">\u00a0 \u00a0 \u00a0Estes meus artigos de panifica\u00e7\u00e3o j\u00e1 possuem alguns anos de exist\u00eancia gratuita na internet. <strong>S\u00e3o mais de 20 mil leituras somente nesta p\u00e1gina<\/strong>. Tenho a certeza de que ajudei um pouco a levar conhecimento e iniciar padeiros em suas casas, sem a necessidade de investir nos caros cursos que se proliferam atualmente com a &#8220;moda&#8221; da fermenta\u00e7\u00e3o natural.<\/p>\n<p style=\"text-align: justify;\">\u00a0 \u00a0 \u00a0Considere fazer uma doa\u00e7\u00e3o clicando no bot\u00e3o abaixo. \u00c9 r\u00e1pido e seguro. Compartilhar conhecimento \u00e9 tamb\u00e9m uma doa\u00e7\u00e3o, de bons valores. Qualquer apoio me estimula a continuar nesta dire\u00e7\u00e3o. Obrigado!<\/p>\n<p style=\"text-align: right;\"><style>\r\n        .wpedon-container .wpedon-select,\r\n        .wpedon-container .wpedon-input {\r\n            width: 171px;\r\n            min-width: 171px;\r\n            max-width: 171px;\r\n        }\r\n    <\/style><div class='wpedon-container wpedon-align-left'><form target='_blank' action='https:\/\/www.paypal.com\/cgi-bin\/webscr' method='post' class='wpedon-form'><input type='hidden' name='cmd' value='_donations' \/><input type='hidden' name='business' value='2NZZTD66SRCEQ' \/><input type='hidden' name='currency_code' value='BRL' \/><input type='hidden' name='notify_url' value='https:\/\/yuri.com.br\/claudio\/wp-admin\/admin-post.php?action=add_wpedon_button_ipn'><input type='hidden' name='lc' value='pt_BR'><input type='hidden' name='bn' value='WPPlugin_SP'><input type='hidden' name='return' value='' \/><input type='hidden' name='cancel_return' value='' \/><input class='wpedon_paypalbuttonimage' type='image' src='https:\/\/www.paypal.com\/pt_PT\/PT\/i\/btn\/btn_donateCC_LG.gif' border='0' name='submit' alt='Make your payments with PayPal. It is free, secure, effective.' style='border: none;'><img alt='' border='0' style='border:none;display:none;' src='https:\/\/www.paypal.com\/pt_BR\/i\/scr\/pixel.gif' width='1' height='1'><input type='hidden' name='amount' id='amount_b4df304bbc6efdb44a3c18abe6b25663' value='' \/><input type='hidden' name='price' id='price_b4df304bbc6efdb44a3c18abe6b25663' value='' \/><input type='hidden' name='item_number' value='' \/><input type='hidden' name='item_name' value='' \/><input type='hidden' name='name' value='' \/><input type='hidden' name='custom' value='9983'><input type='hidden' name='no_shipping' value='1'><input type='hidden' name='no_note' value='1'><input type='hidden' name='currency_code' value='BRL'><\/form><\/div>\n<p>[\/vc_cta][\/vc_column][\/vc_row]<\/p>\n","protected":false},"excerpt":{"rendered":"<p>[vc_row][vc_column][vc_single_image image=&#8221;9673&#8243; img_size=&#8221;full&#8221; alignment=&#8221;center&#8221;][vc_text_separator title=&#8221;O P\u00c3O B\u00c1SICO&#8221; i_icon_fontawesome=&#8221;fas fa-hand-point-right&#8221; i_color=&#8221;black&#8221; i_size=&#8221;sm&#8221; title_align=&#8221;separator_align_left&#8221; border_width=&#8221;4&#8243; add_icon=&#8221;true&#8221; css=&#8221;.vc_custom_1689086531307{margin-top: 40px !important;}&#8221;][vc_column_text] \u00a0 \u00a0 \u00a0Agora que entendemos um pouco sobre a\u00a0fermenta\u00e7\u00e3o natural\u00a0e como fazer o nosso pr\u00f3prio levain, vamos finalmente ao que interessa. Mas se voc\u00ea chegou aqui \u00e0 procura de uma r\u00e1pida &#8220;receita de bolo&#8221;, chegou no lugar errado.&hellip;&nbsp;<a href=\"https:\/\/yuri.com.br\/claudio\/pao-basico\/\" rel=\"bookmark\">Continue a ler &raquo;<span class=\"screen-reader-text\">O p\u00e3o b\u00e1sico de fermenta\u00e7\u00e3o natural<\/span><\/a><\/p>\n","protected":false},"author":1,"featured_media":0,"parent":0,"menu_order":0,"comment_status":"closed","ping_status":"closed","template":"","meta":{"neve_meta_sidebar":"","neve_meta_container":"","neve_meta_enable_content_width":"off","neve_meta_content_width":100,"neve_meta_title_alignment":"","neve_meta_author_avatar":"","neve_post_elements_order":"","neve_meta_disable_header":"","neve_meta_disable_footer":"","neve_meta_disable_title":"","jetpack_post_was_ever_published":false,"footnotes":""},"class_list":["post-9305","page","type-page","status-publish","hentry"],"jetpack_shortlink":"https:\/\/wp.me\/P4i7cB-2q5","jetpack_sharing_enabled":true,"jetpack-related-posts":[{"id":9205,"url":"https:\/\/yuri.com.br\/claudio\/fermentacao-natural\/","url_meta":{"origin":9305,"position":0},"title":"Fermenta\u00e7\u00e3o natural","author":"Cl\u00e1udio Brisighello","date":"31\/jul\/2015","format":false,"excerpt":"[vc_row][vc_column][vc_single_image image=\"9302\" img_size=\"full\" alignment=\"center\"][vc_text_separator title=\"SOBRE O AUTOR\" i_icon_fontawesome=\"fas fa-hand-point-right\" i_color=\"black\" i_size=\"sm\" title_align=\"separator_align_left\" border_width=\"4\" add_icon=\"true\" css=\".vc_custom_1689084950338{padding-bottom: -4px !important;}\"][vc_column_text] \u00a0 \u00a0 \u00a0Primeiramente, ressalto que esta s\u00e9rie de postagens n\u00e3o substitui um curso presencial de panifica\u00e7\u00e3o. No entanto, gosto de buscar e disseminar conhecimento, e desejo dar oportunidade \u00e0queles que n\u00e3o podem pagar\u2026","rel":"","context":"Post similar","block_context":{"text":"Post similar","link":""},"img":{"alt_text":"","src":"https:\/\/i0.wp.com\/yuri.com.br\/claudio\/wp-content\/uploads\/2015\/07\/Fatia.jpg?resize=350%2C200&ssl=1","width":350,"height":200,"srcset":"https:\/\/i0.wp.com\/yuri.com.br\/claudio\/wp-content\/uploads\/2015\/07\/Fatia.jpg?resize=350%2C200&ssl=1 1x, https:\/\/i0.wp.com\/yuri.com.br\/claudio\/wp-content\/uploads\/2015\/07\/Fatia.jpg?resize=525%2C300&ssl=1 1.5x, https:\/\/i0.wp.com\/yuri.com.br\/claudio\/wp-content\/uploads\/2015\/07\/Fatia.jpg?resize=700%2C400&ssl=1 2x, https:\/\/i0.wp.com\/yuri.com.br\/claudio\/wp-content\/uploads\/2015\/07\/Fatia.jpg?resize=1050%2C600&ssl=1 3x"},"classes":[]},{"id":9229,"url":"https:\/\/yuri.com.br\/claudio\/criando-seu-proprio-levain\/","url_meta":{"origin":9305,"position":1},"title":"Fazendo o seu pr\u00f3prio levain","author":"Cl\u00e1udio Brisighello","date":"31\/jul\/2015","format":false,"excerpt":"[vc_row][vc_column][vc_single_image image=\"9361\" img_size=\"full\" alignment=\"center\"][vc_text_separator title=\"CRIANDO A SUA PR\u00d3PRIA CULTURA\" i_icon_fontawesome=\"fas fa-hand-point-right\" i_color=\"black\" i_size=\"sm\" title_align=\"separator_align_left\" border_width=\"4\" add_icon=\"true\"][vc_column_text] \u00a0 \u00a0 \u00a0O m\u00e9todo a seguir \u00e9 baseado em livros e \u201creceitas\u201d de profissionais, mas n\u00e3o h\u00e1 segredo algum, o processo se desencadeia a partir do momento em que se hidrata a farinha e\u2026","rel":"","context":"Post similar","block_context":{"text":"Post similar","link":""},"img":{"alt_text":"","src":"","width":0,"height":0},"classes":[]},{"id":9425,"url":"https:\/\/yuri.com.br\/claudio\/brioche\/","url_meta":{"origin":9305,"position":2},"title":"Brioche","author":"Cl\u00e1udio Brisighello","date":"11\/nov\/2015","format":false,"excerpt":"[vc_row][vc_column][vc_single_image image=\"9428\" img_size=\"full\" alignment=\"center\"][vc_text_separator title=\"INTRODU\u00c7\u00c3O AOS BRIOCHES\" i_icon_fontawesome=\"fas fa-hand-point-right\" i_color=\"black\" i_size=\"sm\" title_align=\"separator_align_left\" border_width=\"4\" add_icon=\"true\" css=\".vc_custom_1689087758144{margin-top: 50px !important;}\"][vc_column_text css=\".vc_custom_1540412865008{margin-bottom: -15px !important;}\"] \u00a0 \u00a0 \u00a0A panifica\u00e7\u00e3o \u00e9 um vasto universo. Eu comecei com os incr\u00edveis p\u00e3es de fermenta\u00e7\u00e3o natural e confesso que um dia cheguei a me dar por satisfeito, n\u00e3o desejando\u2026","rel":"","context":"Post similar","block_context":{"text":"Post similar","link":""},"img":{"alt_text":"","src":"","width":0,"height":0},"classes":[]},{"id":11015,"url":"https:\/\/yuri.com.br\/claudio\/daruma\/","url_meta":{"origin":9305,"position":3},"title":"Daruma","author":"Fifi","date":"15\/dez\/2023","format":false,"excerpt":"[vc_row][vc_column][vc_empty_space height=\"52px\"][vc_single_image image=\"11016\" img_size=\"700\" alignment=\"center\" style=\"vc_box_rounded\" css_animation=\"fadeIn\" css=\".vc_custom_1702648475857{margin-bottom: 5px !important;}\"][vc_column_text] momentos in\u00e9ditos: a descoberta do bloco e a 1a. sondada no imponente negativo (2014) [\/vc_column_text][vc_column_text] DARUMA - muito al\u00e9m da primeira ascens\u00e3o [\/vc_column_text][vc_column_text]Dia 1o. de setembro de 2023 finalizei o que veio a se chamar \"Daruma\", mais um belo e\u2026","rel":"","context":"Post similar","block_context":{"text":"Post similar","link":""},"img":{"alt_text":"","src":"","width":0,"height":0},"classes":[]},{"id":10786,"url":"https:\/\/yuri.com.br\/claudio\/fontainebleau-2023\/","url_meta":{"origin":9305,"position":4},"title":"Fontainebleau 2023","author":"Fifi","date":"8\/maio\/2023","format":false,"excerpt":"[vc_row][vc_column][vc_empty_space height=\"44px\"][vc_text_separator title=\"PRIMAVERA DE 2023 EM FONTAINEBLEAU\" border_width=\"4\"][vc_column_text] \u00a0 \u00a0 \u00a0Em 13 anos ap\u00f3s meu \"\u00eaxodo urbano\", as viagens de f\u00e9rias se contam em uma m\u00e3o. Isso se deve a uma equa\u00e7\u00e3o dos seguintes fatores, por ordem de peso: vontade de viajar inversamente proporcional \u00e0 paz de esp\u00edrito (a necessidade\u2026","rel":"","context":"Post similar","block_context":{"text":"Post similar","link":""},"img":{"alt_text":"","src":"","width":0,"height":0},"classes":[]},{"id":10554,"url":"https:\/\/yuri.com.br\/claudio\/sobre-boulders-e-plaquinhas\/","url_meta":{"origin":9305,"position":5},"title":"Sobre boulders e plaquinhas","author":"Cl\u00e1udio Brisighello","date":"31\/maio\/2021","format":false,"excerpt":"[vc_row][vc_column][vc_empty_space height=\"44px\"][vc_text_separator title=\"SOBRE BOULDERS E PLAQUINHAS\" i_icon_fontawesome=\"fas fa-exclamation-circle\" i_color=\"custom\" i_size=\"sm\" title_align=\"separator_align_left\" border_width=\"4\" add_icon=\"true\" i_custom_color=\"#cc2424\"][vc_column_text] \u00a0 \u00a0 Desde a chegada da pandemia em 2020, as poucas op\u00e7\u00f5es me levaram de volta \u00e0 Pedra do Cruzeiro em Gon\u00e7alves, local que eu n\u00e3o frequentava h\u00e1 6 anos, exceto espor\u00e1dicas visitas aos propriet\u00e1rios para\u2026","rel":"","context":"Post similar","block_context":{"text":"Post similar","link":""},"img":{"alt_text":"","src":"https:\/\/i0.wp.com\/yuri.com.br\/claudio\/wp-content\/uploads\/2021\/05\/croquis.jpg?resize=350%2C200&ssl=1","width":350,"height":200,"srcset":"https:\/\/i0.wp.com\/yuri.com.br\/claudio\/wp-content\/uploads\/2021\/05\/croquis.jpg?resize=350%2C200&ssl=1 1x, https:\/\/i0.wp.com\/yuri.com.br\/claudio\/wp-content\/uploads\/2021\/05\/croquis.jpg?resize=525%2C300&ssl=1 1.5x, https:\/\/i0.wp.com\/yuri.com.br\/claudio\/wp-content\/uploads\/2021\/05\/croquis.jpg?resize=700%2C400&ssl=1 2x, https:\/\/i0.wp.com\/yuri.com.br\/claudio\/wp-content\/uploads\/2021\/05\/croquis.jpg?resize=1050%2C600&ssl=1 3x, https:\/\/i0.wp.com\/yuri.com.br\/claudio\/wp-content\/uploads\/2021\/05\/croquis.jpg?resize=1400%2C800&ssl=1 4x"},"classes":[]}],"_links":{"self":[{"href":"https:\/\/yuri.com.br\/claudio\/wp-json\/wp\/v2\/pages\/9305","targetHints":{"allow":["GET"]}}],"collection":[{"href":"https:\/\/yuri.com.br\/claudio\/wp-json\/wp\/v2\/pages"}],"about":[{"href":"https:\/\/yuri.com.br\/claudio\/wp-json\/wp\/v2\/types\/page"}],"author":[{"embeddable":true,"href":"https:\/\/yuri.com.br\/claudio\/wp-json\/wp\/v2\/users\/1"}],"replies":[{"embeddable":true,"href":"https:\/\/yuri.com.br\/claudio\/wp-json\/wp\/v2\/comments?post=9305"}],"version-history":[{"count":87,"href":"https:\/\/yuri.com.br\/claudio\/wp-json\/wp\/v2\/pages\/9305\/revisions"}],"predecessor-version":[{"id":10924,"href":"https:\/\/yuri.com.br\/claudio\/wp-json\/wp\/v2\/pages\/9305\/revisions\/10924"}],"wp:attachment":[{"href":"https:\/\/yuri.com.br\/claudio\/wp-json\/wp\/v2\/media?parent=9305"}],"curies":[{"name":"wp","href":"https:\/\/api.w.org\/{rel}","templated":true}]}}