{"id":10610,"date":"2021-06-21T17:39:58","date_gmt":"2021-06-21T17:39:58","guid":{"rendered":"https:\/\/yuri.com.br\/claudio\/?page_id=10610"},"modified":"2023-07-11T15:47:58","modified_gmt":"2023-07-11T15:47:58","slug":"terra-do-nunca","status":"publish","type":"page","link":"https:\/\/yuri.com.br\/claudio\/terra-do-nunca\/","title":{"rendered":"Terra do Nunca"},"content":{"rendered":"<p>[vc_row][vc_column][vc_empty_space height=&#8221;52px&#8221;][vc_column_text]<\/p>\n<h5 class=\"tabc\" style=\"text-align: justify;\">TERRA DO NUNCA: senta que l\u00e1 vem text\u00e3o, desses que n\u00e3o cabe em <em>timeline<\/em>&#8230;<\/h5>\n<p>[\/vc_column_text][vc_single_image image=&#8221;10611&#8243; img_size=&#8221;1600&#8243; alignment=&#8221;center&#8221; style=&#8221;vc_box_rounded&#8221; css_animation=&#8221;fadeIn&#8221; css=&#8221;.vc_custom_1689089398661{margin-bottom: 5px !important;}&#8221;][vc_column_text]<\/p>\n<h6 style=\"text-align: center;\">Quando um projeto deixa de ser guerra, para se tornar igreja&#8230;<\/h6>\n<p>[\/vc_column_text][vc_column_text]<\/p>\n<p class=\"tabc\" style=\"text-align: justify;\">No calor do fim de outubro, 2020, uma motiva\u00e7\u00e3o sob circunst\u00e2ncias in\u00e9ditas me fez acordar cedo para ir sozinho \u00e0 Pedra do Cruzeiro em Gon\u00e7alves, e me enfiar debaixo de um negativo. A paralisa\u00e7\u00e3o inicial da pandemia nos fez perder a temporada daquele ano. Como escalar tarde da noite n\u00e3o \u00e9 uma op\u00e7\u00e3o por ali e a crise de abstin\u00eancia da escalada era forte, adotei a alvorada, uma op\u00e7\u00e3o de hor\u00e1rio incomum na modalidade bouldering. Naquela manh\u00e3 nasceu a concentrada linha Tratado de Paz, um trocadilho com o subsetor Vietn\u00e3, o &#8220;retiro espiritual&#8221; que o local oferece e o desejo de nunca mais haverem conflitos injustific\u00e1veis de acesso por ali. Um projeto que foi preparado 7 anos atr\u00e1s, mas permaneceu congelado pelas restri\u00e7\u00f5es impostas no setor. Atrav\u00e9s de um novo caminho absolutamente inofensivo, estes antigos projetos voltaram \u00e0 tona e presentearam o fat\u00eddico presente com um passatempo rico, completamente isolado do caos mundo afora.<\/p>\n<p>[\/vc_column_text][vc_column_text css=&#8221;.vc_custom_1689090007606{margin-bottom: 5px !important;}&#8221;]https:\/\/www.youtube.com\/watch?v=Hqu-THLeeyE<\/p>\n<p>[\/vc_column_text][vc_column_text]<\/p>\n<h6 style=\"text-align: center;\">Tratado de Paz &#8211; mal sabia a enrascada que eu iria me meter minutos depois\u00a0 &#8211; Outubro de 2020<\/h6>\n<p>[\/vc_column_text][vc_column_text]<\/p>\n<p class=\"tabc\" style=\"text-align: justify;\">No \u00eaxtase da cadena, me dirigi poucos metros ao lado para testar minha vis\u00e3o envelhecida, neste que era considerado um projeto futurista. Agora no &#8220;clube dos 40&#8221;, essa classifica\u00e7\u00e3o n\u00e3o fazia mais sentido para mim. Sugerir que linhas est\u00e3o al\u00e9m do nosso tempo \u00e9 disfar\u00e7ar uma derrota n\u00e3o mais adi\u00e1vel na minha idade. E assim sendo, naquele dia, nasceu tamb\u00e9m um novo processo: com o vigor de &#8220;tioz\u00e3o parado no tempo\u00ae&#8221; (piada interna) e um knee-pad em meu repert\u00f3rio, elucidei o improv\u00e1vel &#8220;sitdown start&#8221; do boulder Capit\u00e3o Gancho.<\/p>\n<p class=\"tabc\" style=\"text-align: justify;\"><img loading=\"lazy\" decoding=\"async\" class=\"alignright\" src=\"https:\/\/yuri.com.br\/claudio\/wp-content\/uploads\/2022\/02\/capitaogancho.jpg\" width=\"300\" height=\"300\" \/><\/p>\n<p class=\"tabc\" style=\"text-align: justify;\">Devido ao calor e chuva, a minha &#8220;chavinha&#8221; virou para a limpeza e prepara\u00e7\u00e3o de novos blocos, como costumo fazer no off-season. Uma f\u00f3rmula que vem rendendo boas novidades, h\u00e1 muitos anos. Somente fui retomar a briga com o Capit\u00e3o Gancho em Abril com uma sutil queda nas temperaturas, possibilitando um retorno \u00e0s sessions no fim de tarde. Devido \u00e0s agarras finais do boulder tomarem sol, meu ritual come\u00e7ava de forma tardia. Ao chegar l\u00e1, passei a bloquear o sol nas agarras com uma camiseta estendida por um &#8220;stick&#8221;. E ia aquecer escalando nas redondezas. \u00c0s 17h30, reaquecia no projeto e iniciava o espanco at\u00e9 19h20. Por 11 vezes isso aconteceu nos 2 meses seguintes. Como em todo processo, veio a tenta\u00e7\u00e3o pela desist\u00eancia, aquela frustra\u00e7\u00e3o que todos enfrentam ap\u00f3s v\u00e1rias sessions. As emo\u00e7\u00f5es se alternavam bastante. Precisei de 2 sessions s\u00f3 para repetir o stand-start, um V9 que limpei numa tarde e resolvi na primeira session, em 2015. Ou seja, me senti um velho inclinado \u00e0 aposentadoria, por &#8220;desencadenar&#8221; algo j\u00e1 realizado antes. Depois disso, foram mais 3 sessions para conseguir, pela primeira vez, sair debaixo e chegar at\u00e9 o stand. Essas 3 sessions me encheram de mau humor, pois ficar caindo no 3o. movimento n\u00e3o me cansava fisicamente e me fazia ir embora puto da vida, sob a sensa\u00e7\u00e3o de que, se assim continuasse, logo eu iria perder for\u00e7a pelo baixo volume realizado. Quando finalmente passei, foi uma primeira vit\u00f3ria marcada de emo\u00e7\u00e3o. Se comparado a outras \u00e9pocas, percebia em mim rea\u00e7\u00f5es mais emotivas, provavelmente marcadas pela pandemia. Eu sou mais um que n\u00e3o escapou dessa tristeza toda. Aos poucos, fui entendendo a necessidade de refinar essa camada emocional, filtrando impurezas e executando cada tentativa dentro do que mais gosto de praticar, que \u00e9 o zen, colocando energia vital em cada movimento, nem mais, nem menos.<\/p>\n<p>[\/vc_column_text][vc_column_text css=&#8221;.vc_custom_1689089964759{margin-bottom: 5px !important;}&#8221;]https:\/\/www.youtube.com\/watch?v=KXtUT8BBefk<\/p>\n<p>[\/vc_column_text][vc_column_text]<\/p>\n<h6 style=\"text-align: center;\">Stand-start &#8211; quando eu era &#8220;jovem&#8221; e forte &#8211; Junho de 2015<\/h6>\n<p>[\/vc_column_text][vc_column_text]<\/p>\n<p class=\"tabc\" style=\"text-align: justify;\">Da 5a. at\u00e9 a 11a. session, realizava 4 tentativas espa\u00e7adas por descansos de 10, 15 e 20 minutos, respectivamente. Foi a calibragem que ajustei para conseguir chegar no crux do stand-start, em 90% das vezes. Cada pega debaixo era \u00e9pico como deve ser, em linhas grandiosas assim. Incr\u00edvel notar como assimilei bem os moves inferiores, que tanto me derrubaram nas sessions anteriores. N\u00e3o atribuo isso \u00e0 ganho de for\u00e7a f\u00edsica, mas apenas a uma melhor t\u00e9cnica e ac\u00famulo de mem\u00f3ria muscular, al\u00e9m de melhoria das condi\u00e7\u00f5es conforme o outono avan\u00e7ava. Progresso e rev\u00e9s se mesclavam conforme as sessions aumentavam. No in\u00edcio, h\u00e1 um entalamento inst\u00e1vel de joelho para ganhar uma m\u00e3o direita inexistente. As falhas neste movimento me renderam uma impeditiva epicondilite lateral, para completar a medial que eu j\u00e1 vinha administrando. Na sequ\u00eancia, temos um movimento que testa bem a sa\u00fade do seu manguito rotador esquerdo, ao ganhar a incr\u00edvel invertida do boulder, chegando nela por baixo, vindo de uma blocada. Confesso que isso me deixou contente (pelas incont\u00e1veis fisioterapias de ombro que fa\u00e7o) pois n\u00e3o tive problemas lesivos ali, apesar do alto volume de passagens pelo lance. Por falar em movimentos, este boulder tem um recorde de burocracia em uma s\u00f3 agarra. Se ajeitar na invertida me custa em m\u00e9dia 25 segundos sem sair dela. S\u00e3o diversos ajustes de m\u00e3o e p\u00e9 at\u00e9 voc\u00ea estar pronto para fazer o Capit\u00e3o Gancho. Esta agarra \u00e9 \u00fanica, a ponto de influenciar o nome do boulder (o &#8220;gancho&#8221;), dentro da tem\u00e1tica do vizinho &#8220;Piratas do Cruzeiro&#8221;.<\/p>\n<p class=\"tabc\" style=\"text-align: justify;\">Se tem uma entre pouqu\u00edssimas coisas boas nas m\u00eddias sociais, admito que \u00e9 a leitura de relatos sobre esses processos por detr\u00e1s de escaladas no limite pessoal. Ficou mais acess\u00edvel descobrir hist\u00f3rias de alta dificuldade,\u00a0 que custaram v\u00e1rias dezenas de sessions. Eu nunca cheguei a tanto. Alguns de meus processos passados ultrapassaram sim, a marca de 10 sessions, por\u00e9m sempre dilu\u00eddos entre outras distra\u00e7\u00f5es ou espa\u00e7ados por 2 temporadas. Esse foco para se &#8220;internar&#8221; \u00e9 um ponto fraco meu: por desenvolver novas linhas na maior parte do tempo, tenho sempre boas tenta\u00e7\u00f5es de curto prazo para me render. Desta vez, inspirado em tantos relatos, aliado ao fato de que j\u00e1 havia dedicado mais de 1 d\u00e9cada em um ritmo sempre &#8220;comendo pelas beiradas&#8221;, resolvi adotar um comprometimento diferente, como se n\u00e3o houvesse o amanh\u00e3. E ver at\u00e9 onde, em termos de dificuldade, vai o meu potencial dentro desta desgastante experi\u00eancia que passa dos 2 d\u00edgitos de investidas. Conforme justifiquei, voltar mais forte depois para superar um projeto, deixou de ser op\u00e7\u00e3o para mim. Cada ano me sinto mais fraco e fr\u00e1gil, fisicamente. Mas sabemos bem que o principal &#8220;m\u00fasculo&#8221; da escalada \u00e9 composto por uma massa cinzenta&#8230;<\/p>\n<p>[\/vc_column_text][vc_single_image image=&#8221;10639&#8243; img_size=&#8221;1600&#8243; alignment=&#8221;center&#8221; style=&#8221;vc_box_rounded&#8221; css_animation=&#8221;fadeIn&#8221; css=&#8221;.vc_custom_1689089677633{margin-top: -10px !important;margin-bottom: 5px !important;}&#8221;][vc_column_text]<\/p>\n<h6 style=\"text-align: center;\">a penit\u00eancia era engolir o choro<\/h6>\n<p>[\/vc_column_text][vc_column_text]<\/p>\n<p class=\"tabc\" style=\"text-align: justify;\">Eis que na 12a. session acontece uma reviravolta. Em plena v\u00e9spera de inverno, resolvi ir no setor novamente pela manh\u00e3. Quem j\u00e1 malhou projeto no Cruzeiro sabe bem que as condi\u00e7\u00f5es por l\u00e1 s\u00e3o complicadas. O gnaisse local enseba f\u00e1cil e as temperaturas s\u00e3o um pouco mais elevadas. Durante o m\u00eas de Maio, repleto de chuvas e picos de calor incomuns, cheguei at\u00e9 a recorrer ao famigerado ventilador port\u00e1til. Por fim, na manh\u00e3 do dia 19 de Junho estava eu l\u00e1 novamente, para dar os meus 4 pegas. At\u00e9 ent\u00e3o, meu highpoint era ter dominado o primeiro batente do Capit\u00e3o Gancho e cair a poucos cent\u00edmetros da pr\u00f3xima agarra, de onde fazemos o pen\u00faltimo movimento da <del>porra<\/del> linha toda. Havia feito isso de forma consistente (3 de 4 vezes) na session anterior. Dominar minha respira\u00e7\u00e3o (frequ\u00eancia card\u00edaca) foi o \u00faltimo detalhe para esta progress\u00e3o. Em casa, eu fazia campus board ap\u00f3s pular corda at\u00e9 o cora\u00e7\u00e3o sair pela boca. S\u00f3 faltava eu parar de fumar e beber! Voltando: durante o meu tradicional aquecimento, onde refa\u00e7o trechos do boulder para estimular a mem\u00f3ria muscular, tive uma epifania. Resolvi experimentar 2 p\u00e9s diferentes no trecho final e senti consider\u00e1vel melhora. \u00c9 comum restringir nossa vis\u00e3o quando fechamos um planejamento de execu\u00e7\u00e3o, visto que todos os movimentos j\u00e1 foram isolados e bem ensaiados. Por isso, sempre for\u00e7o uma abertura mental para esmiu\u00e7ar micro-betas, mesmo que improv\u00e1veis ou nos &#8220;46 do segundo tempo&#8221;. Afinal, at\u00e9 o Nalle deu uma guinada essencial em seu V17, ap\u00f3s alterar sua sequ\u00eancia constru\u00edda durante anos.<\/p>\n<p>[\/vc_column_text][vc_single_image image=&#8221;10638&#8243; img_size=&#8221;1600&#8243; alignment=&#8221;center&#8221; style=&#8221;vc_box_rounded&#8221; css_animation=&#8221;fadeIn&#8221; css=&#8221;.vc_custom_1689089731047{margin-bottom: 5px !important;}&#8221;][vc_column_text]<\/p>\n<h6 style=\"text-align: center;\">Sincronicidade &#8211; um exemplo de betas alterados na \u00faltima hora &#8211; fotos by Leandro &#8216;Pardal&#8217;<\/h6>\n<p>[\/vc_column_text][vc_column_text]<\/p>\n<p class=\"tabc\" style=\"text-align: justify;\">Enfim, um resumo descritivo da linha. A primeira se\u00e7\u00e3o se destaca por um lance esticado para um flanco sem agarras evidentes. Resolvi isto com o uso de knee-pad, importante mencionar. Talvez seja poss\u00edvel n\u00e3o utilizar este acess\u00f3rio, principalmente se o escalador tiver ampla envergadura. A\u00ed come\u00e7a a engrossar: temos uma t\u00edpica blocada usando calcanhar, para chegar na invertida e fazer a tal burocracia supracitada, que vai queimando sua embreagem at\u00e9 se endireitar para o Capit\u00e3o Gancho. Este, por sua vez, consiste em um deadpoint para um batente fora de esquadro, com p\u00e9s ruins. Exige precis\u00e3o e pliometria para dominar corretamente a agarra, al\u00e9m de for\u00e7a de contato e isometria para fazer um deadhang sem suporte algum da m\u00e3o que est\u00e1 na invertida, agora na altura da coxa. N\u00e3o h\u00e1 como se lan\u00e7ar no pr\u00f3ximo movimento, pois se trata de uma cruzada para uma agarrinha ruim. Depois h\u00e1 um \u00faltimo deadpoint, para um friso mordido, com alto potencial de queda dram\u00e1tica a poucos instantes do fim da brincadeira toda. E \u00e9 claro que eu ca\u00ed por ali na primeira tentativa deste t\u00e3o esperado dia, dando uma primeira bica na pesada porteira. Descansei 10 e dei o sonhado pega final. O famoso &#8220;flow&#8221;, a tal zona da cadena, onde n\u00e3o sentimos nada e sequer lembramos direito o que aconteceu. Uma &#8220;dimens\u00e3o&#8221; que s\u00f3 acessamos no limite. Ao ver o v\u00eddeo depois, confirmo a impress\u00e3o que tive de um tiro certeiro, incrivelmente sem o menor erro.<\/p>\n<p class=\"tabc\" style=\"text-align: justify;\"><img loading=\"lazy\" decoding=\"async\" data-attachment-id=\"10627\" data-permalink=\"https:\/\/yuri.com.br\/claudio\/terra-do-nunca\/instagram-2\/\" data-orig-file=\"https:\/\/yuri.com.br\/claudio\/wp-content\/uploads\/2021\/06\/instagram.jpg\" data-orig-size=\"725,1129\" data-comments-opened=\"1\" data-image-meta=\"{&quot;aperture&quot;:&quot;0&quot;,&quot;credit&quot;:&quot;&quot;,&quot;camera&quot;:&quot;&quot;,&quot;caption&quot;:&quot;&quot;,&quot;created_timestamp&quot;:&quot;0&quot;,&quot;copyright&quot;:&quot;&quot;,&quot;focal_length&quot;:&quot;0&quot;,&quot;iso&quot;:&quot;0&quot;,&quot;shutter_speed&quot;:&quot;0&quot;,&quot;title&quot;:&quot;&quot;,&quot;orientation&quot;:&quot;0&quot;}\" data-image-title=\"instagram\" data-image-description=\"\" data-image-caption=\"\" data-medium-file=\"https:\/\/yuri.com.br\/claudio\/wp-content\/uploads\/2021\/06\/instagram-193x300.jpg\" data-large-file=\"https:\/\/yuri.com.br\/claudio\/wp-content\/uploads\/2021\/06\/instagram.jpg\" class=\"wp-image-10627 alignleft\" src=\"https:\/\/yuri.com.br\/claudio\/wp-content\/uploads\/2021\/06\/instagram.jpg\" alt=\"\" width=\"300\" height=\"468\" srcset=\"https:\/\/yuri.com.br\/claudio\/wp-content\/uploads\/2021\/06\/instagram.jpg 725w, https:\/\/yuri.com.br\/claudio\/wp-content\/uploads\/2021\/06\/instagram-193x300.jpg 193w, https:\/\/yuri.com.br\/claudio\/wp-content\/uploads\/2021\/06\/instagram-96x150.jpg 96w\" sizes=\"auto, (max-width: 300px) 100vw, 300px\" \/><\/p>\n<p class=\"tabc\" style=\"text-align: justify;\">A sensa\u00e7\u00e3o momentos ap\u00f3s um evento desses, n\u00e3o tem pre\u00e7o. Tem que aproveitar porque s\u00e3o poucas vezes na vida. N\u00e3o gritei, n\u00e3o vibrei de alegria. Confesso que apenas chorei. Desci logo para abra\u00e7ar a Yuri e chorar mais um pouco. Dedico a ela, minha parceira de vida, esta importante hist\u00f3ria que h\u00e1 muitos anos eu n\u00e3o vivia assim, com tanta profundidade. Tornar o sofrimento do imposs\u00edvel em algo palat\u00e1vel e finalmente alcan\u00e7\u00e1vel, \u00e9 uma das motiva\u00e7\u00f5es que compartilho com outros escaladores. Alguns gostam de valorizar a gl\u00f3ria, o sentimento de realiza\u00e7\u00e3o, o m\u00e9rito. Estes valores, acompanhados por adula\u00e7\u00f5es virtuais e um deslumbre demasiado, s\u00e3o uma armadilha que sempre procurei me esquivar. Aqui eu revelo uma ironia do destino &#8211; um deletar acidental &#8211; que quase me fez perder o registro &#8220;uncut&#8221; (filmagem da ascens\u00e3o). Por pouco, eu n\u00e3o teria sequer a &#8220;prova do crime&#8221;, for\u00e7ando ainda mais o meu desapego p\u00f3s-cadena. Me restou apenas um &#8220;crop&#8221; quadrado de baixa resolu\u00e7\u00e3o! Ap\u00f3s 2 porres comemorativos, este boulder j\u00e1 \u00e9 uma p\u00e1gina virada. Sua preciosidade est\u00e1 na experi\u00eancia vivida. A contribui\u00e7\u00e3o deixada ainda me motiva, por\u00e9m n\u00e3o tanto como antigamente (quando eu era mais ing\u00eanuo em rela\u00e7\u00e3o \u00e0 insustentabilidade dos acessos em setores privados). Hoje, prefiro deixar mais um exemplo de atitude &#8211; \u00e0 prova dos tempos &#8211; do que entregar \u00e0 comunidade um peda\u00e7o de pedra que n\u00e3o me pertence. A prop\u00f3sito, este projeto tinha a sugest\u00e3o do nome &#8220;Barba Negra&#8221;. Batizei de &#8220;Terra do Nunca&#8221;, a ilha fict\u00edcia do Peter Pan &amp; Capit\u00e3o Gancho, com bons paralelos neste caso: gosto quando dizem que crian\u00e7as n\u00e3o s\u00e3o pequenos adultos, mas adultos s\u00e3o crian\u00e7as grandes. Assim \u00e9 a &#8220;nerverland&#8221;, um lugar que cheguei tarde, mas dizem que l\u00e1 ningu\u00e9m envelhece. E no sentido literal, o nome faz jus \u00e0s terras do setor Cruzeiro. Jamais esquecerei a humilhante expuls\u00e3o de 2015, quando um dos propriet\u00e1rios me &#8220;intimou&#8221; a comparecer no setor, acompanhado pela Pol\u00edcia Militar.<\/p>\n<p>[\/vc_column_text][\/vc_column][\/vc_row][vc_row][vc_column][vc_raw_html css=&#8221;.vc_custom_1689090298320{margin-bottom: 5px !important;}&#8221;]JTNDY2VudGVyJTNFJTNDaWZyYW1lJTIwd2lkdGglM0QlMjI1NjAlMjIlMjBoZWlnaHQlM0QlMjI1NjAlMjIlMjBzcmMlM0QlMjJodHRwcyUzQSUyRiUyRnd3dy55b3V0dWJlLmNvbSUyRmVtYmVkJTJGTjFCX0tpemFISlUlMjIlMjB0aXRsZSUzRCUyMllvdVR1YmUlMjB2aWRlbyUyMHBsYXllciUyMiUyMGZyYW1lYm9yZGVyJTNEJTIyMCUyMiUyMGFsbG93JTNEJTIyYWNjZWxlcm9tZXRlciUzQiUyMGF1dG9wbGF5JTNCJTIwY2xpcGJvYXJkLXdyaXRlJTNCJTIwZW5jcnlwdGVkLW1lZGlhJTNCJTIwZ3lyb3Njb3BlJTNCJTIwcGljdHVyZS1pbi1waWN0dXJlJTIyJTIwYWxsb3dmdWxsc2NyZWVuJTNFJTNDJTJGaWZyYW1lJTNFJTNDJTJGY2VudGVyJTNF[\/vc_raw_html][vc_column_text]<\/p>\n<h6 style=\"text-align: center;\">Primeira ascens\u00e3o &#8211; a ponta de um iceberg &#8211; Junho de 2021<\/h6>\n<p>[\/vc_column_text][vc_column_text]<\/p>\n<p class=\"tabc\" style=\"text-align: justify;\">No total, foram 12 idas espalhadas por aproximadamente 50 dias. Poderia ter sido mais r\u00e1pido? Com os betas finais, maior assiduidade e sem aquecimento global, provavelmente daria para ter resolvido tudo isso em 10 dias. Mas as coisas nunca s\u00e3o perfeitas como queremos e aqui reside o grande barato da vida. Sempre aprender, aceitando suas linhas tortas. S\u00f3 consegui ir l\u00e1 no m\u00e1ximo 2 vezes por semana, em parte por conta da pandemia (evitei quase todos os finais de semana, afim de minimizar aglomera\u00e7\u00f5es e deixar o setor para a turminha que n\u00e3o pode ir durante semana) e tamb\u00e9m por uma estrat\u00e9gia diferente de outras temporadas, quando me dedicava 100% \u00e0 rocha. Este ano, estou realizando treinos compensat\u00f3rios. De qualquer forma, esses n\u00fameros andam cada vez mais enjoativos no esporte, de tanto que movem m\u00eddias e o <em>hype<\/em> em geral. Filtram not\u00edcias que vem quase sempre acompanhadas pelo tempo da realiza\u00e7\u00e3o, um grau necessariamente alto e a idade do protagonista. Acaba por ofuscar toda uma hist\u00f3ria imensur\u00e1vel por essas estat\u00edsticas. Hist\u00f3rias que podem inspirar mais que esses recordes <em>\u00e0 la <\/em>Guinness Book.. \u00c9 um assunto chato que tenho opini\u00e3o formada, mas n\u00e3o vale estender agora.<\/p>\n<p class=\"tabc\" style=\"text-align: justify;\">No entanto, reconhe\u00e7o a import\u00e2ncia de sugerir uma gradu\u00e7\u00e3o, principalmente se tratando de uma escalada rara na regi\u00e3o, com tal qualidade e dificuldade. Graduar \u00e9 um of\u00edcio chato pra caramba. Vamos l\u00e1: conforme percebe-se acima, a viv\u00eancia na abertura de linhas \u00e9 justificadamente mais trabalhosa que nas repeti\u00e7\u00f5es. \u00c9 preciso subtrair todo esse lastro e projetar uma combina\u00e7\u00e3o de betas j\u00e1 conhecidos e poss\u00edveis outros, diferentes biotipos e pontos fortes, boas condi\u00e7\u00f5es clim\u00e1ticas, entre outros fatores ideais. Compara-se com linhas similares no mesmo setor ou o mais pr\u00f3ximo poss\u00edvel, levando em considera\u00e7\u00e3o condi\u00e7\u00f5es pessoais que vivi nessas refer\u00eancias. Estava eu mais forte? Qual a influ\u00eancia das minhas atuais les\u00f5es nos meus 2 cotovelos? A peculiar invertida acabou por me trazer uma compara\u00e7\u00e3o mais distante, l\u00e1 em Ubatuba com o cl\u00e1ssico Jeric\u00f3<strong>*<\/strong>, que tive a sorte de mandar em apenas uma session, em 2014. Mas n\u00e3o se iluda: \u00e9 um boulder bem mais curto e sem firulas, de r\u00e1pido entendimento. Por conta da introdu\u00e7\u00e3o e finaliza\u00e7\u00e3o bem mais complexas, somadas ao fator adicional de for\u00e7a-resist\u00eancia (inexistente no Jeric\u00f3), \u00e9 ineg\u00e1vel que o Terra do Nunca seje mais duro. Conclus\u00e3o inconclusiva: resta saber quantos graus acima. Reitero que gradua\u00e7\u00e3o \u00e9 mais um papo reto, chato e extenso, que vou deixar para um artigo distinto. Este aqui \u00e9 sobre escalada em sua ess\u00eancia. Encontre a sua!<\/p>\n<p style=\"text-align: justify;\"><strong><em>*atualiza\u00e7\u00e3o: <\/em><\/strong><em>o plano era tentar mais um projeto e tamb\u00e9m a linha mais dura do setor, Casa da On\u00e7a (esta ficou no &#8220;quase&#8221; em 2015, logo antes da interdi\u00e7\u00e3o do subsetor). Seriam bons par\u00e2metros pois situam-se no m\u00ednimo em V12. Por motivos de les\u00e3o grave na coluna, esta an\u00e1lise ficou impedida. Me resta ent\u00e3o a compara\u00e7\u00e3o com o Jeric\u00f3: boulder historicamente aberto pelo Linha como V11. Um p\u00e9-chave se quebrou e o Cesinha refez o &#8220;FA&#8221;, subindo para V12. Pelo que pesquisei, quase todas as repeti\u00e7\u00f5es desde ent\u00e3o confirmaram este grau (exceto Daniel Woods). Seguindo esta l\u00f3gica, fica a proposta de V13 para o Terra do Nunca. Certamente n\u00e3o mais que isso, possivelmente menos. <\/em><\/p>\n<p style=\"text-align: justify;\"><em><strong>*nota de 2022:<\/strong> em fevereiro, Felipe Ho e Rodrigo Cesar repetiram a linha, a princ\u00edpio sugerindo V12 (\u2b50\u2b50\u2b50\u2b50\u2b50). Consequentemente, j\u00e1 sabem qual a minha opini\u00e3o sobre o grau do Jeric\u00f3. <\/em>\ud83d\ude01 <em>Muito interessante observar que h\u00e1 tantas outras linhas duras e magn\u00edficas na regi\u00e3o, com poucas ou nenhuma repeti\u00e7\u00e3o. Basta cotar um incerto V13 que a atra\u00e7\u00e3o \u00e9 infal\u00edvel (h\u00e1 exemplos disso em Iper\u00f3). O que podemos refletir sobre este fen\u00f4meno?<\/em><\/p>\n<p>[\/vc_column_text][vc_column_text]<\/p>\n<p style=\"text-align: right;\">21 de Junho de 2021<\/p>\n<p>[\/vc_column_text][\/vc_column][\/vc_row]<\/p>\n","protected":false},"excerpt":{"rendered":"<p>[vc_row][vc_column][vc_empty_space height=&#8221;52px&#8221;][vc_column_text] TERRA DO NUNCA: senta que l\u00e1 vem text\u00e3o, desses que n\u00e3o cabe em timeline&#8230; [\/vc_column_text][vc_single_image image=&#8221;10611&#8243; img_size=&#8221;1600&#8243; alignment=&#8221;center&#8221; style=&#8221;vc_box_rounded&#8221; css_animation=&#8221;fadeIn&#8221; css=&#8221;.vc_custom_1689089398661{margin-bottom: 5px !important;}&#8221;][vc_column_text] Quando um projeto deixa de ser guerra, para se tornar igreja&#8230; [\/vc_column_text][vc_column_text] No calor do fim de outubro, 2020, uma motiva\u00e7\u00e3o sob circunst\u00e2ncias in\u00e9ditas me fez acordar cedo para ir&hellip;&nbsp;<a href=\"https:\/\/yuri.com.br\/claudio\/terra-do-nunca\/\" rel=\"bookmark\">Continue a ler &raquo;<span class=\"screen-reader-text\">Terra do Nunca<\/span><\/a><\/p>\n","protected":false},"author":1,"featured_media":10611,"parent":0,"menu_order":0,"comment_status":"closed","ping_status":"closed","template":"","meta":{"neve_meta_sidebar":"","neve_meta_container":"","neve_meta_enable_content_width":"off","neve_meta_content_width":100,"neve_meta_title_alignment":"","neve_meta_author_avatar":"","neve_post_elements_order":"","neve_meta_disable_header":"","neve_meta_disable_footer":"","neve_meta_disable_title":"","jetpack_post_was_ever_published":false,"footnotes":""},"class_list":["post-10610","page","type-page","status-publish","has-post-thumbnail","hentry"],"jetpack_shortlink":"https:\/\/wp.me\/P4i7cB-2L8","jetpack_sharing_enabled":true,"jetpack-related-posts":[{"id":11015,"url":"https:\/\/yuri.com.br\/claudio\/daruma\/","url_meta":{"origin":10610,"position":0},"title":"Daruma","author":"Fifi","date":"15\/dez\/2023","format":false,"excerpt":"[vc_row][vc_column][vc_empty_space height=\"52px\"][vc_single_image image=\"11016\" img_size=\"700\" alignment=\"center\" style=\"vc_box_rounded\" css_animation=\"fadeIn\" css=\".vc_custom_1702648475857{margin-bottom: 5px !important;}\"][vc_column_text] momentos in\u00e9ditos: a descoberta do bloco e a 1a. sondada no imponente negativo (2014) [\/vc_column_text][vc_column_text] DARUMA - muito al\u00e9m da primeira ascens\u00e3o [\/vc_column_text][vc_column_text]Dia 1o. de setembro de 2023 finalizei o que veio a se chamar \"Daruma\", mais um belo e\u2026","rel":"","context":"Post similar","block_context":{"text":"Post similar","link":""},"img":{"alt_text":"","src":"","width":0,"height":0},"classes":[]},{"id":10786,"url":"https:\/\/yuri.com.br\/claudio\/fontainebleau-2023\/","url_meta":{"origin":10610,"position":1},"title":"Fontainebleau 2023","author":"Fifi","date":"8\/maio\/2023","format":false,"excerpt":"[vc_row][vc_column][vc_empty_space height=\"44px\"][vc_text_separator title=\"PRIMAVERA DE 2023 EM FONTAINEBLEAU\" border_width=\"4\"][vc_column_text] \u00a0 \u00a0 \u00a0Em 13 anos ap\u00f3s meu \"\u00eaxodo urbano\", as viagens de f\u00e9rias se contam em uma m\u00e3o. Isso se deve a uma equa\u00e7\u00e3o dos seguintes fatores, por ordem de peso: vontade de viajar inversamente proporcional \u00e0 paz de esp\u00edrito (a necessidade\u2026","rel":"","context":"Post similar","block_context":{"text":"Post similar","link":""},"img":{"alt_text":"","src":"","width":0,"height":0},"classes":[]},{"id":9606,"url":"https:\/\/yuri.com.br\/claudio\/fontainebleau-2017\/","url_meta":{"origin":10610,"position":2},"title":"Fontainebleau 2017","author":"Cl\u00e1udio Brisighello","date":"27\/nov\/2017","format":false,"excerpt":"[vc_row][vc_column][vc_empty_space height=\"44px\"][vc_text_separator title=\"OUTONO DE 2017 EM FONTAINEBLEAU\" border_width=\"4\"][vc_column_text] \u00a0 \u00a0 \u00a0Fontainebleau dispensa apresenta\u00e7\u00f5es, afinal se trata de um dos ber\u00e7os hist\u00f3ricos do bouldering, com escaladas que beiram um s\u00e9culo de exist\u00eancia. Ent\u00e3o vou apenas refor\u00e7ar o coro: \u00e9 um destino \"pacote completo\". Linhas infinitas, cen\u00e1rios magn\u00edficos, cultura hist\u00f3rica, sem falar\u2026","rel":"","context":"Post similar","block_context":{"text":"Post similar","link":""},"img":{"alt_text":"","src":"","width":0,"height":0},"classes":[]},{"id":5039,"url":"https:\/\/yuri.com.br\/claudio\/rock-climbing\/","url_meta":{"origin":10610,"position":3},"title":"Escalada","author":"claudio","date":"8\/maio\/2013","format":false,"excerpt":"[vc_row][vc_column][vc_masonry_media_grid element_width=\"2\" item=\"masonryMedia_SolidBlurOut\" initial_loading_animation=\"fadeIn\" grid_id=\"vc_gid:1540476591341-5cb83906-3c33-2\" include=\"9629,9644,8070,7662,5966,7146,5541,5727,5061,5080,5068,5041,5040,5043,5046,5045,5044,5079,5075,5049,5048,5050,5053,5067,5042,5054,5055,5056,5076,5074,5077,5051,5073,5066,5809,5078,5058,5059,5060,5064,5065,5052,5083,5084,5070,5069,5071,5072,5057,5062,5063,5081,5826,5106,5082,5270,5449,5283,5431,5429,5430,5632,6005,6141,6140,7247,7363,7387,5171,7633,7630,7811,7680,7700,7701,7787,7904,7991,7992,8071,8229,5468,9634,9631,9552,9628,9660,9632,9635,9600,9599,9602,9598,9630,9627,7076,9643,9645,9710,9709,9708,9707,9706,9705,9704,9633,9763,9764,9765,9761,9762\"][\/vc_column][\/vc_row]","rel":"","context":"Post similar","block_context":{"text":"Post similar","link":""},"img":{"alt_text":"","src":"https:\/\/i0.wp.com\/yuri.com.br\/claudio\/wp-content\/uploads\/2013\/05\/bele_climbing1.jpg?resize=350%2C200&ssl=1","width":350,"height":200,"srcset":"https:\/\/i0.wp.com\/yuri.com.br\/claudio\/wp-content\/uploads\/2013\/05\/bele_climbing1.jpg?resize=350%2C200&ssl=1 1x, https:\/\/i0.wp.com\/yuri.com.br\/claudio\/wp-content\/uploads\/2013\/05\/bele_climbing1.jpg?resize=525%2C300&ssl=1 1.5x, https:\/\/i0.wp.com\/yuri.com.br\/claudio\/wp-content\/uploads\/2013\/05\/bele_climbing1.jpg?resize=700%2C400&ssl=1 2x"},"classes":[]},{"id":10554,"url":"https:\/\/yuri.com.br\/claudio\/sobre-boulders-e-plaquinhas\/","url_meta":{"origin":10610,"position":4},"title":"Sobre boulders e plaquinhas","author":"Cl\u00e1udio Brisighello","date":"31\/maio\/2021","format":false,"excerpt":"[vc_row][vc_column][vc_empty_space height=\"44px\"][vc_text_separator title=\"SOBRE BOULDERS E PLAQUINHAS\" i_icon_fontawesome=\"fas fa-exclamation-circle\" i_color=\"custom\" i_size=\"sm\" title_align=\"separator_align_left\" border_width=\"4\" add_icon=\"true\" i_custom_color=\"#cc2424\"][vc_column_text] \u00a0 \u00a0 Desde a chegada da pandemia em 2020, as poucas op\u00e7\u00f5es me levaram de volta \u00e0 Pedra do Cruzeiro em Gon\u00e7alves, local que eu n\u00e3o frequentava h\u00e1 6 anos, exceto espor\u00e1dicas visitas aos propriet\u00e1rios para\u2026","rel":"","context":"Post similar","block_context":{"text":"Post similar","link":""},"img":{"alt_text":"","src":"https:\/\/i0.wp.com\/yuri.com.br\/claudio\/wp-content\/uploads\/2021\/05\/croquis.jpg?resize=350%2C200&ssl=1","width":350,"height":200,"srcset":"https:\/\/i0.wp.com\/yuri.com.br\/claudio\/wp-content\/uploads\/2021\/05\/croquis.jpg?resize=350%2C200&ssl=1 1x, https:\/\/i0.wp.com\/yuri.com.br\/claudio\/wp-content\/uploads\/2021\/05\/croquis.jpg?resize=525%2C300&ssl=1 1.5x, https:\/\/i0.wp.com\/yuri.com.br\/claudio\/wp-content\/uploads\/2021\/05\/croquis.jpg?resize=700%2C400&ssl=1 2x, https:\/\/i0.wp.com\/yuri.com.br\/claudio\/wp-content\/uploads\/2021\/05\/croquis.jpg?resize=1050%2C600&ssl=1 3x, https:\/\/i0.wp.com\/yuri.com.br\/claudio\/wp-content\/uploads\/2021\/05\/croquis.jpg?resize=1400%2C800&ssl=1 4x"},"classes":[]},{"id":10209,"url":"https:\/\/yuri.com.br\/claudio\/cronologia\/","url_meta":{"origin":10610,"position":5},"title":"Cronologia regional dos boulders","author":"Cl\u00e1udio Brisighello","date":"13\/dez\/2018","format":false,"excerpt":"[vc_row css=\".vc_custom_1544706753602{margin-left: 6px !important;border-top-width: 12px !important;border-left-width: 6px !important;padding-left: 6px !important;}\"][vc_column width=\"1\/6\"][\/vc_column][vc_column width=\"2\/3\"][vc_column_text css=\".vc_custom_1578163239999{margin-bottom: -0px !important;}\"] CRONOLOGIA [\/vc_column_text][vc_column_text css=\".vc_custom_1581872250067{margin-top: -1px !important;margin-bottom: -10px !important;}\"] S\u00e3o Bento do Sapuca\u00ed \u2022 Gon\u00e7alves \u2022 Parais\u00f3polis \u2022 Braz\u00f3polis (primeiras ascens\u00f5es a partir dos 2 d\u00edgitos, em setores com livre acesso) [\/vc_column_text][vc_column_text] 2021 V12 Cruzeiro Terra do\u2026","rel":"","context":"Post similar","block_context":{"text":"Post similar","link":""},"img":{"alt_text":"","src":"","width":0,"height":0},"classes":[]}],"_links":{"self":[{"href":"https:\/\/yuri.com.br\/claudio\/wp-json\/wp\/v2\/pages\/10610","targetHints":{"allow":["GET"]}}],"collection":[{"href":"https:\/\/yuri.com.br\/claudio\/wp-json\/wp\/v2\/pages"}],"about":[{"href":"https:\/\/yuri.com.br\/claudio\/wp-json\/wp\/v2\/types\/page"}],"author":[{"embeddable":true,"href":"https:\/\/yuri.com.br\/claudio\/wp-json\/wp\/v2\/users\/1"}],"replies":[{"embeddable":true,"href":"https:\/\/yuri.com.br\/claudio\/wp-json\/wp\/v2\/comments?post=10610"}],"version-history":[{"count":35,"href":"https:\/\/yuri.com.br\/claudio\/wp-json\/wp\/v2\/pages\/10610\/revisions"}],"predecessor-version":[{"id":10935,"href":"https:\/\/yuri.com.br\/claudio\/wp-json\/wp\/v2\/pages\/10610\/revisions\/10935"}],"wp:featuredmedia":[{"embeddable":true,"href":"https:\/\/yuri.com.br\/claudio\/wp-json\/wp\/v2\/media\/10611"}],"wp:attachment":[{"href":"https:\/\/yuri.com.br\/claudio\/wp-json\/wp\/v2\/media?parent=10610"}],"curies":[{"name":"wp","href":"https:\/\/api.w.org\/{rel}","templated":true}]}}