{"id":10554,"date":"2021-05-31T17:48:41","date_gmt":"2021-05-31T17:48:41","guid":{"rendered":"https:\/\/yuri.com.br\/claudio\/?page_id=10554"},"modified":"2025-04-30T16:34:52","modified_gmt":"2025-04-30T16:34:52","slug":"sobre-boulders-e-plaquinhas","status":"publish","type":"page","link":"https:\/\/yuri.com.br\/claudio\/sobre-boulders-e-plaquinhas\/","title":{"rendered":"Sobre boulders e plaquinhas"},"content":{"rendered":"<p>[vc_row][vc_column][vc_empty_space height=&#8221;44px&#8221;][vc_text_separator title=&#8221;SOBRE BOULDERS E PLAQUINHAS&#8221; i_icon_fontawesome=&#8221;fas fa-exclamation-circle&#8221; i_color=&#8221;custom&#8221; i_size=&#8221;sm&#8221; title_align=&#8221;separator_align_left&#8221; border_width=&#8221;4&#8243; add_icon=&#8221;true&#8221; i_custom_color=&#8221;#cc2424&#8243;][vc_column_text]<\/p>\n<p style=\"text-align: justify;\">\u00a0 \u00a0 Desde a chegada da pandemia em 2020, as poucas op\u00e7\u00f5es me levaram de volta \u00e0 Pedra do Cruzeiro em Gon\u00e7alves, local que eu n\u00e3o frequentava h\u00e1 6 anos, exceto espor\u00e1dicas visitas aos propriet\u00e1rios para agradecer e saber se tudo estava bem. Para a minha surpresa, o setor estava com outra cara: todo o bananal foi removido, os blocos inferiores ficaram expostos com um visual frontal incr\u00edvel da serra, deixando um velho subsetor com ares de &#8220;novo&#8221;. A parte mais alta na floresta tamb\u00e9m sofreu transforma\u00e7\u00f5es, com marcas de um grave inc\u00eandio n\u00e3o acidental, al\u00e9m dos boulders em si, v\u00e1rios deles retomados pela natureza. Andar sem rumo por um labirinto de pedras, varando um mato com mais espinho do que folhas, \u00e9 higiene mental para mim. Me vem \u00e0 tona o qu\u00e3o vivo e impermanente s\u00e3o esses ambientes. Como resistem e se transformam ao longo dos anos. \u00c1rvores centen\u00e1rias. Algumas delas tombadas pelo caminho, repletas de cogumelos. Cactus gigantescos. Vest\u00edgios de carv\u00e3o formados pelo inc\u00eandio. Brotos nascendo por todos os cantos. Vegeta\u00e7\u00f5es renovadas a cada esta\u00e7\u00e3o. Trilhas que se fecham em poucos meses. Marcas de animais em troncos, pegadas na terra escura. Um ex\u00e9rcito incont\u00e1vel de sa\u00favas, aquelas que cheiram a capim lim\u00e3o, marchando em absolutamente todas as noites. Tucanos cruzando o c\u00e9u. Dezenas de quatis em travessia pelas copas. Colm\u00e9ias agitadas. Me inveja a irracionalidade incorrupt\u00edvel da fauna local, vivendo em sintonia com as evolu\u00e7\u00f5es naturais e fortalecendo este cen\u00e1rio resiliente. Me envergonha a fragilidade de tanta riqueza, quando \u00e9 submetida \u00e0s interven\u00e7\u00f5es humanas. Como meros visitantes, fica a quest\u00e3o no ar. Qual o nosso direito de se impor, &#8220;empossando&#8221; trechos de pedra como se fossem nossos, em um reino que n\u00e3o nos pertence? Observo linhas antigas completamente &#8220;verdes&#8221;, sem vest\u00edgios nossos. Seria o bouldering por ali um rar\u00edssimo exemplo contra as tend\u00eancias atuais? Estranhamente contente, abri o primeiro da temporada passada: Impacto Zero. Uma utopia ilus\u00f3ria, mas naquele microcosmo sobrevivente, se trata de uma realidade.<\/p>\n<figure id=\"attachment_10556\" aria-describedby=\"caption-attachment-10556\" style=\"width: 1600px\" class=\"wp-caption alignright\"><a href=\"https:\/\/mantiqueiraboulder.info\/cruzeiro\/301079.html\" target=\"_blank\" rel=\"noopener noreferrer\"><img loading=\"lazy\" decoding=\"async\" data-attachment-id=\"10556\" data-permalink=\"https:\/\/yuri.com.br\/claudio\/sobre-boulders-e-plaquinhas\/cruzeiro_impactozero_sotirios\/\" data-orig-file=\"https:\/\/yuri.com.br\/claudio\/wp-content\/uploads\/2021\/05\/Cruzeiro_ImpactoZero_Sotirios.jpg\" data-orig-size=\"1600,776\" data-comments-opened=\"1\" data-image-meta=\"{&quot;aperture&quot;:&quot;0&quot;,&quot;credit&quot;:&quot;&quot;,&quot;camera&quot;:&quot;&quot;,&quot;caption&quot;:&quot;&quot;,&quot;created_timestamp&quot;:&quot;0&quot;,&quot;copyright&quot;:&quot;&quot;,&quot;focal_length&quot;:&quot;0&quot;,&quot;iso&quot;:&quot;0&quot;,&quot;shutter_speed&quot;:&quot;0&quot;,&quot;title&quot;:&quot;&quot;,&quot;orientation&quot;:&quot;0&quot;}\" data-image-title=\"Cruzeiro_ImpactoZero_Sotirios\" data-image-description=\"\" data-image-caption=\"&lt;p&gt;A primeira linha do ano passado: Impacto Zero&lt;\/p&gt;\n\" data-medium-file=\"https:\/\/yuri.com.br\/claudio\/wp-content\/uploads\/2021\/05\/Cruzeiro_ImpactoZero_Sotirios-300x146.jpg\" data-large-file=\"https:\/\/yuri.com.br\/claudio\/wp-content\/uploads\/2021\/05\/Cruzeiro_ImpactoZero_Sotirios.jpg\" class=\"wp-image-10556 size-full\" src=\"https:\/\/yuri.com.br\/claudio\/wp-content\/uploads\/2021\/05\/Cruzeiro_ImpactoZero_Sotirios.jpg\" alt=\"\" width=\"1600\" height=\"776\" srcset=\"https:\/\/yuri.com.br\/claudio\/wp-content\/uploads\/2021\/05\/Cruzeiro_ImpactoZero_Sotirios.jpg 1600w, https:\/\/yuri.com.br\/claudio\/wp-content\/uploads\/2021\/05\/Cruzeiro_ImpactoZero_Sotirios-300x146.jpg 300w, https:\/\/yuri.com.br\/claudio\/wp-content\/uploads\/2021\/05\/Cruzeiro_ImpactoZero_Sotirios-150x73.jpg 150w, https:\/\/yuri.com.br\/claudio\/wp-content\/uploads\/2021\/05\/Cruzeiro_ImpactoZero_Sotirios-768x372.jpg 768w, https:\/\/yuri.com.br\/claudio\/wp-content\/uploads\/2021\/05\/Cruzeiro_ImpactoZero_Sotirios-1536x745.jpg 1536w\" sizes=\"auto, (max-width: 1600px) 100vw, 1600px\" \/><\/a><figcaption id=\"caption-attachment-10556\" class=\"wp-caption-text\">Sotirios Sotirakis na primeira linha do ano passado: &#8220;<strong>Impacto Zero<\/strong>&#8220;<\/figcaption><\/figure>\n<p style=\"text-align: justify;\">\u00a0 \u00a0 \u00a0Estas s\u00e3o lembran\u00e7as cafonas e dif\u00edceis de convencer com palavras. A experi\u00eancia solit\u00e1ria nas montanhas \u00e9 um precioso caminho de educa\u00e7\u00e3o pessoal. Somos justificadamente associados a gerenciamento aut\u00f4nomo de risco, consci\u00eancia ambiental, supera\u00e7\u00e3o constante e, neste contexto, navega\u00e7\u00e3o por ambientes in\u00f3spitos (sem &#8220;plaquinhas&#8221;). N\u00e3o \u00e0 toa, grandes indiv\u00edduos surgem desta atividade. Mas n\u00e3o vamos esquecer que nessa brincadeira houveram in\u00fameros epis\u00f3dios onde consequ\u00eancias impactantes foram pontos de grande debate.\u00a0 Muitas pr\u00e1ticas passadas s\u00e3o consideradas hoje absurdas. Sim, faz sentido levantar mudan\u00e7as frente \u00e0 populariza\u00e7\u00e3o e profissionaliza\u00e7\u00e3o do esporte, sobretudo na sustentabilidade da sua faceta outdoor. No que diz respeito \u00e0 acessibilidade em esportes de aventura, \u00e9 uma quest\u00e3o delicada que vai muito al\u00e9m desses poucos par\u00e1grafos.<\/p>\n<figure id=\"attachment_10559\" aria-describedby=\"caption-attachment-10559\" style=\"width: 212px\" class=\"wp-caption alignright\"><a href=\"https:\/\/yuri.com.br\/sumba\/MuroRocha.pdf\"><img loading=\"lazy\" decoding=\"async\" data-attachment-id=\"10559\" data-permalink=\"https:\/\/yuri.com.br\/claudio\/sobre-boulders-e-plaquinhas\/muro_rocha\/\" data-orig-file=\"https:\/\/yuri.com.br\/claudio\/wp-content\/uploads\/2021\/05\/muro_rocha.jpg\" data-orig-size=\"1132,1600\" data-comments-opened=\"1\" data-image-meta=\"{&quot;aperture&quot;:&quot;0&quot;,&quot;credit&quot;:&quot;&quot;,&quot;camera&quot;:&quot;&quot;,&quot;caption&quot;:&quot;&quot;,&quot;created_timestamp&quot;:&quot;0&quot;,&quot;copyright&quot;:&quot;&quot;,&quot;focal_length&quot;:&quot;0&quot;,&quot;iso&quot;:&quot;0&quot;,&quot;shutter_speed&quot;:&quot;0&quot;,&quot;title&quot;:&quot;&quot;,&quot;orientation&quot;:&quot;0&quot;}\" data-image-title=\"\" data-image-description=\"&lt;p&gt;Campanha que trabalhamos anos atr\u00e1s&lt;\/p&gt;\n\" data-image-caption=\"\" data-medium-file=\"https:\/\/yuri.com.br\/claudio\/wp-content\/uploads\/2021\/05\/muro_rocha-212x300.jpg\" data-large-file=\"https:\/\/yuri.com.br\/claudio\/wp-content\/uploads\/2021\/05\/muro_rocha-884x1250.jpg\" class=\"wp-image-10559 size-medium\" src=\"https:\/\/yuri.com.br\/claudio\/wp-content\/uploads\/2021\/05\/muro_rocha-212x300.jpg\" alt=\"\" width=\"212\" height=\"300\" srcset=\"https:\/\/yuri.com.br\/claudio\/wp-content\/uploads\/2021\/05\/muro_rocha-212x300.jpg 212w, https:\/\/yuri.com.br\/claudio\/wp-content\/uploads\/2021\/05\/muro_rocha-884x1250.jpg 884w, https:\/\/yuri.com.br\/claudio\/wp-content\/uploads\/2021\/05\/muro_rocha-106x150.jpg 106w, https:\/\/yuri.com.br\/claudio\/wp-content\/uploads\/2021\/05\/muro_rocha-768x1086.jpg 768w, https:\/\/yuri.com.br\/claudio\/wp-content\/uploads\/2021\/05\/muro_rocha-1087x1536.jpg 1087w, https:\/\/yuri.com.br\/claudio\/wp-content\/uploads\/2021\/05\/muro_rocha.jpg 1132w\" sizes=\"auto, (max-width: 212px) 100vw, 212px\" \/><\/a><figcaption id=\"caption-attachment-10559\" class=\"wp-caption-text\">trabalho de alguns anos atr\u00e1s<\/figcaption><\/figure>\n<p style=\"text-align: justify;\">\u00a0 Por eu lidar com bouldering, uma modalidade logisticamente simples e acess\u00edvel aos inexperientes, posso dizer que tenho algum entendimento sobre onde devemos investir em melhor sinaliza\u00e7\u00e3o para escaladores. Precisamos colocar &#8220;placas&#8221; dentro de gin\u00e1sios, bem longe das sagradas pedras. Seja para elucidar o rec\u00e9m chegado que vai perdido pro mato em busca do seu primeiro boulder, ou pro moleque forte que puxa barra com o mindinho, louco pra postar uma cadena &#8220;hype&#8221; nas redes sociais. Ambos os casos s\u00f3 t\u00eam a ganhar com alguma mentoria de respeito e \u00e9tica, valores que deveriam ser catequizados bem antes de uma decis\u00e3o irrevers\u00edvel como chumbar nas pedras, plaquinhas para identifica\u00e7\u00e3o de linhas. Se isto se tornar um comodismo bem-vindo, n\u00e3o vai demorar muito para os visitantes exigirem o mesmo em boulders, afinal a confus\u00e3o em determinados setores pode ser at\u00e9 maior que uma fal\u00e9sia saturada de vias. Veja um exemplo de 2 blocos com alta densidade de linhas:<\/p>\n<figure id=\"attachment_10561\" aria-describedby=\"caption-attachment-10561\" style=\"width: 1600px\" class=\"wp-caption aligncenter\"><a href=\"https:\/\/mantiqueiraboulder.info\/\" target=\"_blank\" rel=\"noopener noreferrer\"><img loading=\"lazy\" decoding=\"async\" data-attachment-id=\"10561\" data-permalink=\"https:\/\/yuri.com.br\/claudio\/sobre-boulders-e-plaquinhas\/croquis\/\" data-orig-file=\"https:\/\/yuri.com.br\/claudio\/wp-content\/uploads\/2021\/05\/croquis.jpg\" data-orig-size=\"1600,497\" data-comments-opened=\"1\" data-image-meta=\"{&quot;aperture&quot;:&quot;0&quot;,&quot;credit&quot;:&quot;&quot;,&quot;camera&quot;:&quot;&quot;,&quot;caption&quot;:&quot;&quot;,&quot;created_timestamp&quot;:&quot;0&quot;,&quot;copyright&quot;:&quot;&quot;,&quot;focal_length&quot;:&quot;0&quot;,&quot;iso&quot;:&quot;0&quot;,&quot;shutter_speed&quot;:&quot;0&quot;,&quot;title&quot;:&quot;&quot;,&quot;orientation&quot;:&quot;0&quot;}\" data-image-title=\"\" data-image-description=\"\" data-image-caption=\"\" data-medium-file=\"https:\/\/yuri.com.br\/claudio\/wp-content\/uploads\/2021\/05\/croquis-300x93.jpg\" data-large-file=\"https:\/\/yuri.com.br\/claudio\/wp-content\/uploads\/2021\/05\/croquis.jpg\" class=\"wp-image-10561 size-full\" src=\"https:\/\/yuri.com.br\/claudio\/wp-content\/uploads\/2021\/05\/croquis.jpg\" alt=\"\" width=\"1600\" height=\"497\" srcset=\"https:\/\/yuri.com.br\/claudio\/wp-content\/uploads\/2021\/05\/croquis.jpg 1600w, https:\/\/yuri.com.br\/claudio\/wp-content\/uploads\/2021\/05\/croquis-300x93.jpg 300w, https:\/\/yuri.com.br\/claudio\/wp-content\/uploads\/2021\/05\/croquis-150x47.jpg 150w, https:\/\/yuri.com.br\/claudio\/wp-content\/uploads\/2021\/05\/croquis-768x239.jpg 768w, https:\/\/yuri.com.br\/claudio\/wp-content\/uploads\/2021\/05\/croquis-1536x477.jpg 1536w\" sizes=\"auto, (max-width: 1600px) 100vw, 1600px\" \/><\/a><figcaption id=\"caption-attachment-10561\" class=\"wp-caption-text\">quando o Photoshop \u00e9 melhor que o martelete (precisaria de 27 placas s\u00f3 nesses 2 blocos)<\/figcaption><\/figure>\n<p>&nbsp;<\/p>\n<p style=\"text-align: justify;\">\u00a0 \u00a0 \u00a0Mas e a prote\u00e7\u00e3o ao direito autoral? H\u00e1 19 anos atr\u00e1s, j\u00e1 usavam a tecnologia para responder isso: o site <a href=\"https:\/\/bleau.info\/\" target=\"_blank\" rel=\"noopener noreferrer\">bleau.info<\/a> (hoje com mais de 30 mil linhas documentadas) \u00e9 um caso de sucesso.<\/p>\n<p style=\"text-align: justify;\">\u00a0 \u00a0Mas n\u00e3o tem sinal de celular no pico. Existem in\u00fameras formas de baixar conte\u00fados para leitura offline. Planejamento antes de ir e capacidade de visualiza\u00e7\u00e3o s\u00e3o requisitos fundamentais, a falta disto compromete sua seguran\u00e7a e n\u00e3o \u00e9 responsabilidade do conquistador minimizar (muito menos estimular) o despreparo alheio. N\u00e3o sabe identificar linhas, v\u00e1 com algu\u00e9m mais experiente. N\u00e3o espere por plaquinhas, o resultado pode ser catastr\u00f3fico quando voc\u00ea visitar locais sem esse amparo demasiado.<\/p>\n<figure id=\"attachment_10563\" aria-describedby=\"caption-attachment-10563\" style=\"width: 225px\" class=\"wp-caption alignleft\"><a href=\"https:\/\/www.cosiroc.fr\/\" target=\"_blank\" rel=\"noopener noreferrer\"><img loading=\"lazy\" decoding=\"async\" data-attachment-id=\"10563\" data-permalink=\"https:\/\/yuri.com.br\/claudio\/sobre-boulders-e-plaquinhas\/cosiroc\/\" data-orig-file=\"https:\/\/yuri.com.br\/claudio\/wp-content\/uploads\/2021\/05\/cosiroc.jpg\" data-orig-size=\"320,427\" data-comments-opened=\"1\" data-image-meta=\"{&quot;aperture&quot;:&quot;0&quot;,&quot;credit&quot;:&quot;&quot;,&quot;camera&quot;:&quot;&quot;,&quot;caption&quot;:&quot;&quot;,&quot;created_timestamp&quot;:&quot;0&quot;,&quot;copyright&quot;:&quot;&quot;,&quot;focal_length&quot;:&quot;0&quot;,&quot;iso&quot;:&quot;0&quot;,&quot;shutter_speed&quot;:&quot;0&quot;,&quot;title&quot;:&quot;&quot;,&quot;orientation&quot;:&quot;0&quot;}\" data-image-title=\"\" data-image-description=\"\" data-image-caption=\"&lt;p&gt;Opa, no ber\u00e7o do bouldering tem blocos com demarca\u00e7\u00f5es!&lt;\/p&gt;\n\" data-medium-file=\"https:\/\/yuri.com.br\/claudio\/wp-content\/uploads\/2021\/05\/cosiroc-225x300.jpg\" data-large-file=\"https:\/\/yuri.com.br\/claudio\/wp-content\/uploads\/2021\/05\/cosiroc.jpg\" class=\"size-medium wp-image-10563\" src=\"https:\/\/yuri.com.br\/claudio\/wp-content\/uploads\/2021\/05\/cosiroc-225x300.jpg\" alt=\"Fonte: www.cosiroc.fr\" width=\"225\" height=\"300\" srcset=\"https:\/\/yuri.com.br\/claudio\/wp-content\/uploads\/2021\/05\/cosiroc-225x300.jpg 225w, https:\/\/yuri.com.br\/claudio\/wp-content\/uploads\/2021\/05\/cosiroc-112x150.jpg 112w, https:\/\/yuri.com.br\/claudio\/wp-content\/uploads\/2021\/05\/cosiroc.jpg 320w\" sizes=\"auto, (max-width: 225px) 100vw, 225px\" \/><\/a><figcaption id=\"caption-attachment-10563\" class=\"wp-caption-text\">marca\u00e7\u00e3o de circuitos em Fontainebleau<\/figcaption><\/figure>\n<p style=\"text-align: justify;\">\u00a0 \u00a0Sobre o exemplo de <strong>Fontainebleau<\/strong>, ber\u00e7o hist\u00f3rico da modalidade: as sinaliza\u00e7\u00f5es pintadas por l\u00e1, nada tem a ver com identifica\u00e7\u00e3o titular de boulders. \u00c9 uma tradi\u00e7\u00e3o muito antiga que se deve ao conceito de &#8220;circuitos&#8221;, originalmente visando o treinamento para alpinistas, fora de temporada. Consiste de pequenas setas e n\u00fameros coloridos por dificuldade, uma forma de orienta\u00e7\u00e3o que remete aos anos 40-90 (per\u00edodo este sem internet de alta velocidade, muito menos 4G, diga-se de passagem). Hoje, esses circuitos est\u00e3o cada vez mais em desuso: gera\u00e7\u00f5es atuais preferem a busca individual de boulders, sendo raro algum escalador viajar para l\u00e1 tendo um &#8220;circuito&#8221; como objetivo. Ainda assim, <span style=\"text-decoration: underline;\">marca\u00e7\u00f5es novas s\u00e3o proibidas<\/span> e esta quest\u00e3o \u00e9 controlada por uma organiza\u00e7\u00e3o volunt\u00e1ria (COSIROC). N\u00e3o \u00e9 de surpreender que este tema por l\u00e1 n\u00e3o seje \u00e0 prova de <a href=\"https:\/\/www.cosiroc.fr\/index.php\/fiches-circuits\/328-degradations-et-circuit-bleausard\" target=\"_blank\" rel=\"noopener noreferrer\">pol\u00eamicas<\/a> entre partidos contra ou a favor, marca\u00e7\u00f5es clandestinas, outras sendo apagadas propositalmente. Introduzir uma &#8220;novidade&#8221; dessas nos dias atuais \u00e9 introduzir tamb\u00e9m mais conflitos e quem paga o pre\u00e7o s\u00e3o as pedras, sem falar da segrega\u00e7\u00e3o da comunidade.<\/p>\n<p style=\"text-align: justify;\">\u00a0 \u00a0 Enfim, ser\u00e1 que iremos nos arrepender de promover sinaliza\u00e7\u00f5es permanentes na rocha em pleno 2021? Seria esta mais uma pr\u00e1tica invasiva a ser condenada no futuro? Vamos passivamente pagar para ver, ou nos manifestar democraticamente em busca de alternativas?<\/p>\n<p style=\"text-align: right;\">31 de Maio de 2021<\/p>\n<p>[\/vc_column_text][\/vc_column][\/vc_row]<\/p>\n","protected":false},"excerpt":{"rendered":"<p>[vc_row][vc_column][vc_empty_space height=&#8221;44px&#8221;][vc_text_separator title=&#8221;SOBRE BOULDERS E PLAQUINHAS&#8221; i_icon_fontawesome=&#8221;fas fa-exclamation-circle&#8221; i_color=&#8221;custom&#8221; i_size=&#8221;sm&#8221; title_align=&#8221;separator_align_left&#8221; border_width=&#8221;4&#8243; add_icon=&#8221;true&#8221; i_custom_color=&#8221;#cc2424&#8243;][vc_column_text] \u00a0 \u00a0 Desde a chegada da pandemia em 2020, as poucas op\u00e7\u00f5es me levaram de volta \u00e0 Pedra do Cruzeiro em Gon\u00e7alves, local que eu n\u00e3o frequentava h\u00e1 6 anos, exceto espor\u00e1dicas visitas aos propriet\u00e1rios para agradecer e saber se tudo&hellip;&nbsp;<a href=\"https:\/\/yuri.com.br\/claudio\/sobre-boulders-e-plaquinhas\/\" rel=\"bookmark\">Continue a ler &raquo;<span class=\"screen-reader-text\">Sobre boulders e plaquinhas<\/span><\/a><\/p>\n","protected":false},"author":1,"featured_media":0,"parent":0,"menu_order":0,"comment_status":"closed","ping_status":"closed","template":"","meta":{"neve_meta_sidebar":"","neve_meta_container":"","neve_meta_enable_content_width":"on","neve_meta_content_width":80,"neve_meta_title_alignment":"","neve_meta_author_avatar":"","neve_post_elements_order":"","neve_meta_disable_header":"","neve_meta_disable_footer":"","neve_meta_disable_title":"","jetpack_post_was_ever_published":false,"footnotes":""},"class_list":["post-10554","page","type-page","status-publish","hentry"],"jetpack_shortlink":"https:\/\/wp.me\/P4i7cB-2Ke","jetpack_sharing_enabled":true,"jetpack-related-posts":[{"id":9606,"url":"https:\/\/yuri.com.br\/claudio\/fontainebleau-2017\/","url_meta":{"origin":10554,"position":0},"title":"Fontainebleau 2017","author":"Cl\u00e1udio Brisighello","date":"27\/nov\/2017","format":false,"excerpt":"[vc_row][vc_column][vc_empty_space height=\"44px\"][vc_text_separator title=\"OUTONO DE 2017 EM FONTAINEBLEAU\" border_width=\"4\"][vc_column_text] \u00a0 \u00a0 \u00a0Fontainebleau dispensa apresenta\u00e7\u00f5es, afinal se trata de um dos ber\u00e7os hist\u00f3ricos do bouldering, com escaladas que beiram um s\u00e9culo de exist\u00eancia. Ent\u00e3o vou apenas refor\u00e7ar o coro: \u00e9 um destino \"pacote completo\". Linhas infinitas, cen\u00e1rios magn\u00edficos, cultura hist\u00f3rica, sem falar\u2026","rel":"","context":"Post similar","block_context":{"text":"Post similar","link":""},"img":{"alt_text":"","src":"","width":0,"height":0},"classes":[]},{"id":10786,"url":"https:\/\/yuri.com.br\/claudio\/fontainebleau-2023\/","url_meta":{"origin":10554,"position":1},"title":"Fontainebleau 2023","author":"Fifi","date":"8\/maio\/2023","format":false,"excerpt":"[vc_row][vc_column][vc_empty_space height=\"44px\"][vc_text_separator title=\"PRIMAVERA DE 2023 EM FONTAINEBLEAU\" border_width=\"4\"][vc_column_text] \u00a0 \u00a0 \u00a0Em 13 anos ap\u00f3s meu \"\u00eaxodo urbano\", as viagens de f\u00e9rias se contam em uma m\u00e3o. Isso se deve a uma equa\u00e7\u00e3o dos seguintes fatores, por ordem de peso: vontade de viajar inversamente proporcional \u00e0 paz de esp\u00edrito (a necessidade\u2026","rel":"","context":"Post similar","block_context":{"text":"Post similar","link":""},"img":{"alt_text":"","src":"","width":0,"height":0},"classes":[]},{"id":10209,"url":"https:\/\/yuri.com.br\/claudio\/cronologia\/","url_meta":{"origin":10554,"position":2},"title":"Cronologia regional dos boulders","author":"Cl\u00e1udio Brisighello","date":"13\/dez\/2018","format":false,"excerpt":"[vc_row css=\".vc_custom_1544706753602{margin-left: 6px !important;border-top-width: 12px !important;border-left-width: 6px !important;padding-left: 6px !important;}\"][vc_column width=\"1\/6\"][\/vc_column][vc_column width=\"2\/3\"][vc_column_text css=\".vc_custom_1578163239999{margin-bottom: -0px !important;}\"] CRONOLOGIA [\/vc_column_text][vc_column_text css=\".vc_custom_1581872250067{margin-top: -1px !important;margin-bottom: -10px !important;}\"] S\u00e3o Bento do Sapuca\u00ed \u2022 Gon\u00e7alves \u2022 Parais\u00f3polis \u2022 Braz\u00f3polis (primeiras ascens\u00f5es a partir dos 2 d\u00edgitos, em setores com livre acesso) [\/vc_column_text][vc_column_text] 2021 V12 Cruzeiro Terra do\u2026","rel":"","context":"Post similar","block_context":{"text":"Post similar","link":""},"img":{"alt_text":"","src":"","width":0,"height":0},"classes":[]},{"id":10610,"url":"https:\/\/yuri.com.br\/claudio\/terra-do-nunca\/","url_meta":{"origin":10554,"position":3},"title":"Terra do Nunca","author":"Cl\u00e1udio Brisighello","date":"21\/jun\/2021","format":false,"excerpt":"[vc_row][vc_column][vc_empty_space height=\"52px\"][vc_column_text] TERRA DO NUNCA: senta que l\u00e1 vem text\u00e3o, desses que n\u00e3o cabe em timeline... [\/vc_column_text][vc_single_image image=\"10611\" img_size=\"1600\" alignment=\"center\" style=\"vc_box_rounded\" css_animation=\"fadeIn\" css=\".vc_custom_1689089398661{margin-bottom: 5px !important;}\"][vc_column_text] Quando um projeto deixa de ser guerra, para se tornar igreja... [\/vc_column_text][vc_column_text] No calor do fim de outubro, 2020, uma motiva\u00e7\u00e3o sob circunst\u00e2ncias in\u00e9ditas me\u2026","rel":"","context":"Post similar","block_context":{"text":"Post similar","link":""},"img":{"alt_text":"","src":"https:\/\/i0.wp.com\/yuri.com.br\/claudio\/wp-content\/uploads\/2021\/06\/sd1.jpg?resize=350%2C200&ssl=1","width":350,"height":200,"srcset":"https:\/\/i0.wp.com\/yuri.com.br\/claudio\/wp-content\/uploads\/2021\/06\/sd1.jpg?resize=350%2C200&ssl=1 1x, https:\/\/i0.wp.com\/yuri.com.br\/claudio\/wp-content\/uploads\/2021\/06\/sd1.jpg?resize=525%2C300&ssl=1 1.5x, https:\/\/i0.wp.com\/yuri.com.br\/claudio\/wp-content\/uploads\/2021\/06\/sd1.jpg?resize=700%2C400&ssl=1 2x, https:\/\/i0.wp.com\/yuri.com.br\/claudio\/wp-content\/uploads\/2021\/06\/sd1.jpg?resize=1050%2C600&ssl=1 3x, https:\/\/i0.wp.com\/yuri.com.br\/claudio\/wp-content\/uploads\/2021\/06\/sd1.jpg?resize=1400%2C800&ssl=1 4x"},"classes":[]},{"id":10177,"url":"https:\/\/yuri.com.br\/claudio\/botequim-carioca\/","url_meta":{"origin":10554,"position":4},"title":"Botequim carioca","author":"Cl\u00e1udio Brisighello","date":"27\/out\/2018","format":false,"excerpt":"[vc_row][vc_column][vc_empty_space height=\"52px\"][vc_text_separator title=\"BOTEQUIM CARIOCA\" i_icon_fontawesome=\"fas fa-beer\" i_color=\"black\" title_align=\"separator_align_left\" align=\"align_left\" style=\"shadow\" add_icon=\"true\"][vc_column_text] \u00a0 \u00a0 \u00a0 Ap\u00f3s deixar o Rio de Janeiro, devo aqui umas anota\u00e7\u00f5es sobre algo que muito me transformou nessa babil\u00f4nia. Achei melhor escrever logo antes que minha falha mem\u00f3ria deixe algumas importantes emo\u00e7\u00f5es para tr\u00e1s... \u00a0 \u00a0 \u00a0Me\u2026","rel":"","context":"Post similar","block_context":{"text":"Post similar","link":""},"img":{"alt_text":"","src":"","width":0,"height":0},"classes":[]},{"id":11015,"url":"https:\/\/yuri.com.br\/claudio\/daruma\/","url_meta":{"origin":10554,"position":5},"title":"Daruma","author":"Fifi","date":"15\/dez\/2023","format":false,"excerpt":"[vc_row][vc_column][vc_empty_space height=\"52px\"][vc_single_image image=\"11016\" img_size=\"700\" alignment=\"center\" style=\"vc_box_rounded\" css_animation=\"fadeIn\" css=\".vc_custom_1702648475857{margin-bottom: 5px !important;}\"][vc_column_text] momentos in\u00e9ditos: a descoberta do bloco e a 1a. sondada no imponente negativo (2014) [\/vc_column_text][vc_column_text] DARUMA - muito al\u00e9m da primeira ascens\u00e3o [\/vc_column_text][vc_column_text]Dia 1o. de setembro de 2023 finalizei o que veio a se chamar \"Daruma\", mais um belo e\u2026","rel":"","context":"Post similar","block_context":{"text":"Post similar","link":""},"img":{"alt_text":"","src":"","width":0,"height":0},"classes":[]}],"_links":{"self":[{"href":"https:\/\/yuri.com.br\/claudio\/wp-json\/wp\/v2\/pages\/10554","targetHints":{"allow":["GET"]}}],"collection":[{"href":"https:\/\/yuri.com.br\/claudio\/wp-json\/wp\/v2\/pages"}],"about":[{"href":"https:\/\/yuri.com.br\/claudio\/wp-json\/wp\/v2\/types\/page"}],"author":[{"embeddable":true,"href":"https:\/\/yuri.com.br\/claudio\/wp-json\/wp\/v2\/users\/1"}],"replies":[{"embeddable":true,"href":"https:\/\/yuri.com.br\/claudio\/wp-json\/wp\/v2\/comments?post=10554"}],"version-history":[{"count":41,"href":"https:\/\/yuri.com.br\/claudio\/wp-json\/wp\/v2\/pages\/10554\/revisions"}],"predecessor-version":[{"id":11244,"href":"https:\/\/yuri.com.br\/claudio\/wp-json\/wp\/v2\/pages\/10554\/revisions\/11244"}],"wp:attachment":[{"href":"https:\/\/yuri.com.br\/claudio\/wp-json\/wp\/v2\/media?parent=10554"}],"curies":[{"name":"wp","href":"https:\/\/api.w.org\/{rel}","templated":true}]}}